{"id":2,"date":"2013-03-16T18:30:26","date_gmt":"2013-03-16T17:30:26","guid":{"rendered":"http:\/\/www.ardennes1940aceuxquiontresiste.org\/?page_id=2"},"modified":"2025-02-23T23:01:52","modified_gmt":"2025-02-23T22:01:52","slug":"accueil","status":"publish","type":"page","link":"http:\/\/www.ardennes1940aceuxquiontresiste.org\/?page_id=2","title":{"rendered":""},"content":{"rendered":"<h2 align=\"justify\"><b>QUI ETIONS-NOUS ?<\/b><\/h2>\n<p align=\"justify\"><span style=\"font-family: Times New Roman, serif;\">Oui, l\u2019arm\u00e9e fran\u00e7aise a r\u00e9sist\u00e9 en mai et juin 1940 dans les Ardennes et la Meuse\u00a0!<\/span><\/p>\n<p align=\"justify\"><span style=\"font-family: Times New Roman, serif;\">Cette association s\u2019est efforc\u00e9e et de faire conna\u00eetre et reconna\u00eetre cette r\u00e9sistance.<\/span><\/p>\n<p align=\"justify\"><span style=\"font-family: Times New Roman, serif;\"><u>APER\u00c7U\u00a0:<\/u><\/span><\/p>\n<p align=\"justify\"><span style=\"font-family: Times New Roman, serif;\">Le 10 mai 1940, l\u2019arm\u00e9e allemande lance ses divisions blind\u00e9es en une attaque rapide et brutale, dirig\u00e9e sur l\u2019embouchure de la Somme. Cette man\u0153uvre a pour but d\u2019encercler les arm\u00e9es du Nord, fran\u00e7aises, anglaises et belges, ce qui est fait le 20 mai. La rapidit\u00e9 de cette offensive a tron\u00e7onn\u00e9 et disloqu\u00e9 les unit\u00e9s fran\u00e7aises du Nord et de Picardie.<\/span><\/p>\n<p align=\"justify\"><span style=\"font-family: Times New Roman, serif;\">Pendant ce temps, dans les Ardennes, entre la Chiers et l\u2019Aisne, l\u2019arm\u00e9e fran\u00e7aise r\u00e9siste \u00e0 toutes les attaques du 14 mai au 11 juin, presque un mois, emp\u00eachent ainsi une perc\u00e9e sur Reims et Paris ainsi que l\u2019\u00e9ventuel enveloppement de la ligne Maginot. Cette r\u00e9sistance de l\u2019arm\u00e9e fran\u00e7aise est tr\u00e8s mal connue des Fran\u00e7ais. Elle fut pourtant tenace et meurtri\u00e8re\u00a0: nombre d\u2019amicales allemandes lui ont rendu hommage dans les ann\u00e9es 60\u00a0: \u00ab\u00a0<\/span><span style=\"font-family: Times New Roman, serif;\"><i>Le nom de Stonne est \u00e9crit en lettres de sang sur notre drapeau<\/i><\/span><span style=\"font-family: Times New Roman, serif;\">\u00a0\u00bb a souvent dit l\u2019ancien commandant du r\u00e9giment d\u2019\u00e9lite Grossdeutschland, face au public et aux v\u00e9t\u00e9rans des deux pays rassembl\u00e9s \u00e0 Stonne.<\/span><\/p>\n<p align=\"justify\"><span style=\"font-family: Times New Roman, serif;\"><u>SUR LE TERRAIN\u00a0:<\/u><\/span><\/p>\n<p align=\"justify\"><span style=\"font-family: Times New Roman, serif;\">Jusqu\u2019en 1962, chaque amicale fran\u00e7aise faisait son p\u00e8lerinage \u00e0 la date de son choix. Apr\u00e8s la r\u00e9alisation d\u2019une manifestation franco-allemande organis\u00e9e par Michel BAUDIER (secr\u00e9taire de mairie \u00e0 Oches, Les Grandes Armoises et Sommauthe) et Albert FLON (du 67\u00b0 RI) en mai 1962 et sa r\u00e9p\u00e9tition chaque ann\u00e9e, ces amicales ont d\u00e9cid\u00e9 d\u2019honorer ensemble, le m\u00eame jour, avec leurs coll\u00e8gues allemands, leurs camarades morts au combat. L\u2019amicale de la 3\u00b0 DIM-3\u00b0 DCR, avec Robert LECLERCQ comme pr\u00e9sident, en \u00e9tait l\u2019\u00e9l\u00e9ment dynamique et f\u00e9d\u00e9rateur. Des amiti\u00e9s se sont cr\u00e9\u00e9es, des relations, des \u00e9changes, un esprit commun. <\/span><\/p>\n<p align=\"justify\"><span style=\"font-family: Times New Roman, serif;\">Au fil des ans (33 ans\u00a0!) la n\u00e9cessit\u00e9 d\u2019<\/span><span style=\"font-family: Times New Roman, serif;\"><b>une association <\/b><\/span><span style=\"font-family: Times New Roman, serif;\">regroupant tous les survivants s\u2019est impos\u00e9e, notamment pour \u00eatre l\u2019interlocutrice du Conseil G\u00e9n\u00e9ral d\u00e9cid\u00e9 \u00e0 nous aider. Robert LECLERCQ et Michel BAUDIER ont organis\u00e9 plusieurs r\u00e9unions de concertation afin de d\u00e9finir un projet d\u2019avenir.<\/span><\/p>\n<p align=\"justify\"><span style=\"font-family: Times New Roman, serif;\">Cette association a \u00e9t\u00e9 <\/span><span style=\"font-family: Times New Roman, serif;\"><b>fond\u00e9e en 1995<\/b><\/span><span style=\"font-family: Times New Roman, serif;\">. Elle a pris le nom d\u2019ARDENNES 1940 <\/span><span style=\"font-family: Times New Roman, serif;\"><i>\u00e0 ceux qui ont r\u00e9sist\u00e9<\/i><\/span><span style=\"font-family: Times New Roman, serif;\"> et regroup\u00e9 les membres des amicales r\u00e9gimentaires dissoutes, des personnes impliqu\u00e9es par le travail de M\u00e9moire des combats de mai-juin 1940 et des \u00e9lus motiv\u00e9s des communes concern\u00e9es. <\/span><span style=\"font-family: Times New Roman, serif;\"><b>Robert LECLERCQ<\/b><\/span><span style=\"font-family: Times New Roman, serif;\"> en a \u00e9t\u00e9 le premier pr\u00e9sident.<\/span><\/p>\n<p align=\"justify\"><span style=\"font-family: Times New Roman, serif;\">\u0152uvrant \u00e0 l\u2019origine sur le secteur STONNE, LE MONT DIEU, TANNAY, OCHES, SOMMAUTHE, l\u2019association a \u00e9largi son champ d\u2019action \u00e0 l\u2019ensemble de la ligne de r\u00e9sistance qui, du 14 mai au 11 juin, va de la CHIERS (Villy-La Fert\u00e9), \u00e0 l\u2019AISNE (Brienne sur Aisne-Asfeld) en passant par Inor (Meuse) \u2013 Beaumont \u2013 Le Chesne \u2013 Attigny \u2013 Rethel \u2013 Ch\u00e2teau Porcien.<\/span><\/p>\n<p align=\"justify\"><span style=\"font-family: Times New Roman, serif;\">Le si\u00e8ge social a \u00e9t\u00e9 fix\u00e9 \u00e0 la mairie de STONNE.<\/span><\/p>\n<h2 align=\"justify\"><b>QUELS ETAIENT NOS OBJECTIFS ?<\/b><span style=\"font-family: Times New Roman, serif;\"><b>\u00a0<\/b><\/span><\/h2>\n<p align=\"justify\"><span style=\"font-family: Times New Roman, serif;\">Faire conna\u00eetre et reconna\u00eetre la r\u00e9sistance de l\u2019arm\u00e9e fran\u00e7aise entre la Chiers et l\u2019Aisne (rivi\u00e8re) du 14 mai au 11 juin 1940, entretenir la m\u00e9moire des \u00e9v\u00e8nements qui sont survenus ainsi que la m\u00e9moire de ceux qui sont morts pour la France dans un territoire qui est devenu la ZONE INTERDITE \u00e0 compter du 1<\/span><sup><span style=\"font-family: Times New Roman, serif;\">er<\/span><\/sup><span style=\"font-family: Times New Roman, serif;\"> juillet 1940, lesquels sont les oubli\u00e9s de la R\u00e9publique, quand ils ne sont pas la cible de sarcasmes scandaleux.<\/span><\/p>\n<p align=\"justify\"><span style=\"font-family: Times New Roman, serif;\">D\u00e9velopper le message de <\/span><span style=\"font-family: Times New Roman, serif;\"><b>r\u00e9conciliation<\/b><\/span><span style=\"font-family: Times New Roman, serif;\"> et de <\/span><span style=\"font-family: Times New Roman, serif;\"><b>paix<\/b><\/span><span style=\"font-family: Times New Roman, serif;\"> initi\u00e9 \u00e0 STONNE en 1962 ainsi qu\u2019\u00e0 Villy, Voncq, Attigny&#8230;<\/span><\/p>\n<p align=\"justify\"><span style=\"font-family: Times New Roman, serif;\">Aider \u00e0 la recherche sur ce th\u00e8me\u00a0: collaboration avec un certain nombre d\u2019auteurs et de cin\u00e9astes, aide aux familles qui veulent retracer le p\u00e9riple d\u2019un de leurs membres.<\/span><\/p>\n<h2 align=\"justify\"><b>QUELLES SONT NOS REALISATIONS ?<\/b><\/h2>\n<div id=\"attachment_340\" style=\"width: 410px\" class=\"wp-caption alignleft\"><a href=\"http:\/\/www.ardennes1940aceuxquiontresiste.org\/wp-content\/uploads\/Stonne_Espace_Memoire.jpg\"><img loading=\"lazy\" decoding=\"async\" aria-describedby=\"caption-attachment-340\" class=\"size-full wp-image-340\" src=\"http:\/\/www.ardennes1940aceuxquiontresiste.org\/wp-content\/uploads\/Stonne_Espace_Memoire.jpg\" alt=\"Espace de m\u00e9moire \u00e0 Stonne avec le char Toulal\" width=\"400\" height=\"266\" srcset=\"http:\/\/www.ardennes1940aceuxquiontresiste.org\/wp-content\/uploads\/Stonne_Espace_Memoire.jpg 700w, http:\/\/www.ardennes1940aceuxquiontresiste.org\/wp-content\/uploads\/Stonne_Espace_Memoire-300x200.jpg 300w, http:\/\/www.ardennes1940aceuxquiontresiste.org\/wp-content\/uploads\/Stonne_Espace_Memoire-624x416.jpg 624w\" sizes=\"auto, (max-width: 400px) 100vw, 400px\" \/><\/a><p id=\"caption-attachment-340\" class=\"wp-caption-text\">Espace de m\u00e9moire \u00e0 Stonne avec le char Toulal<\/p><\/div>\n<p align=\"justify\">\n<p align=\"justify\">\n<p align=\"justify\"><img loading=\"lazy\" decoding=\"async\" class=\"aligncenter  wp-image-2708\" src=\"http:\/\/www.ardennes1940aceuxquiontresiste.org\/wp-content\/uploads\/Capture-decran-2025-02-23-a-22.44.40.png\" alt=\"\" width=\"326\" height=\"210\" srcset=\"http:\/\/www.ardennes1940aceuxquiontresiste.org\/wp-content\/uploads\/Capture-decran-2025-02-23-a-22.44.40.png 996w, http:\/\/www.ardennes1940aceuxquiontresiste.org\/wp-content\/uploads\/Capture-decran-2025-02-23-a-22.44.40-300x193.png 300w, http:\/\/www.ardennes1940aceuxquiontresiste.org\/wp-content\/uploads\/Capture-decran-2025-02-23-a-22.44.40-768x495.png 768w, http:\/\/www.ardennes1940aceuxquiontresiste.org\/wp-content\/uploads\/Capture-decran-2025-02-23-a-22.44.40-624x402.png 624w\" sizes=\"auto, (max-width: 326px) 100vw, 326px\" \/><\/p>\n<p align=\"justify\">\n<p align=\"justify\">\n<p align=\"justify\">\n<p align=\"justify\">\n<ul>\n<li>\n<p align=\"justify\"><span style=\"font-family: Times New Roman, serif;\">Un Espace de M\u00e9moire \u00e0 STONNE comprenant le M\u00e9morial des unit\u00e9s combattantes, une table d\u2019orientation, des br\u00e8ves explications grav\u00e9es sur une plaque scell\u00e9e sur un pan de mur, un char B1bis mis \u00e0 la disposition de l\u2019association par les amis du mus\u00e9e de Saumur ;<\/span><\/p>\n<\/li>\n<\/ul>\n<ul>\n<li>\n<p align=\"justify\"><span style=\"font-family: Times New Roman, serif;\">Un circuit historique long de 50 km avec 15 totems explicatifs en trois langues.<\/span><\/p>\n<\/li>\n<\/ul>\n<ul>\n<li>\n<p align=\"justify\"><span style=\"font-family: Times New Roman, serif;\">De nombreuses publications destin\u00e9es \u00e0 ceux qui veulent des d\u00e9tails sur les \u00e9v\u00e8nements survenus ainsi que de nombreux d\u00e9pliants touristiques destin\u00e9s au grand public.<\/span><\/p>\n<\/li>\n<\/ul>\n<ul>\n<li>\n<p align=\"justify\"><span style=\"font-family: Times New Roman, serif;\">Le site Internet sur lequel vous vous trouvez. <\/span><\/p>\n<\/li>\n<\/ul>\n<h2 align=\"justify\"><span style=\"font-family: Times New Roman, serif;\"><b>COMMENT NOUS CONTACTER ET DANS QUEL BUT\u00a0?<\/b><\/span><\/h2>\n<p align=\"justify\"><b><\/b><span style=\"font-family: Times New Roman, serif;\">Michel BAUDIER reste \u00e0 l\u2019\u00e9coute des familles et des amis de ces combattants-r\u00e9sistants, notamment pour d\u00e9finir et pr\u00e9ciser les lieux o\u00f9 ont combattu et o\u00f9 ont \u00e9t\u00e9 tu\u00e9s des \u00eatres chers, pour tenter de retracer le parcours d\u2019un combattant-r\u00e9sistant&#8230;<\/span><\/p>\n<p align=\"justify\"><span style=\"font-family: Times New Roman, serif;\">Son adresse\u00a0: <\/span><span style=\"font-family: Times New Roman, serif;\"><span style=\"font-size: small;\">Michel BAUDIER 1 ROUTE de Sainte Marie 08400 VOUZIERS<\/span><\/span><\/p>\n<p align=\"justify\"><span style=\"color: #467886;\"><u><a href=\"mailto:mi.baudier08@gmail.com\"><span style=\"font-family: Times New Roman, serif;\"><span style=\"font-size: small;\">mi.baudier08@gmail.com<\/span><\/span><\/a><\/u><\/span><\/p>\n<hr \/>\n<p style=\"text-align: center;\" align=\"justify\"><strong><span style=\"font-family: Times New Roman, serif;\"><span style=\"font-size: small;\">Presque toutes les cartes qui figurent sur la partie historique de notre site sont le fruit du travail de Michel Baudier.<br \/>\nSi vous voulez les utiliser, n\u2019oubliez pas de signaler leur origine\u00a0!<\/span><\/span><\/strong><\/p>\n<hr \/>\n<h2>Venir sur place<\/h2>\n<p><img loading=\"lazy\" decoding=\"async\" class=\"alignleft size-full wp-image-347\" src=\"http:\/\/www.ardennes1940aceuxquiontresiste.org\/wp-content\/uploads\/Carte-France-Ardennes.gif\" alt=\"Carte France Ardennes\" width=\"350\" height=\"403\" \/><br \/>\n<img loading=\"lazy\" decoding=\"async\" class=\"alignleft size-full wp-image-348\" src=\"http:\/\/www.ardennes1940aceuxquiontresiste.org\/wp-content\/uploads\/Carte-Stonne.gif\" alt=\"Carte Stonne\" width=\"400\" height=\"298\" \/><\/p>\n<p>&nbsp;<\/p>\n","protected":false},"excerpt":{"rendered":"<p>QUI ETIONS-NOUS ? Oui, l\u2019arm\u00e9e fran\u00e7aise a r\u00e9sist\u00e9 en mai et juin 1940 dans les Ardennes et la Meuse\u00a0! Cette association s\u2019est efforc\u00e9e et de faire conna\u00eetre et reconna\u00eetre cette r\u00e9sistance. APER\u00c7U\u00a0: Le 10 mai 1940, l\u2019arm\u00e9e allemande lance ses divisions blind\u00e9es en une attaque rapide et brutale, dirig\u00e9e sur l\u2019embouchure de la Somme. Cette [&hellip;]<\/p>\n","protected":false},"author":1,"featured_media":0,"parent":0,"menu_order":1,"comment_status":"closed","ping_status":"closed","template":"page-templates\/front-page.php","meta":{"footnotes":""},"class_list":["post-2","page","type-page","status-publish","hentry"],"_links":{"self":[{"href":"http:\/\/www.ardennes1940aceuxquiontresiste.org\/index.php?rest_route=\/wp\/v2\/pages\/2","targetHints":{"allow":["GET"]}}],"collection":[{"href":"http:\/\/www.ardennes1940aceuxquiontresiste.org\/index.php?rest_route=\/wp\/v2\/pages"}],"about":[{"href":"http:\/\/www.ardennes1940aceuxquiontresiste.org\/index.php?rest_route=\/wp\/v2\/types\/page"}],"author":[{"embeddable":true,"href":"http:\/\/www.ardennes1940aceuxquiontresiste.org\/index.php?rest_route=\/wp\/v2\/users\/1"}],"replies":[{"embeddable":true,"href":"http:\/\/www.ardennes1940aceuxquiontresiste.org\/index.php?rest_route=%2Fwp%2Fv2%2Fcomments&post=2"}],"version-history":[{"count":119,"href":"http:\/\/www.ardennes1940aceuxquiontresiste.org\/index.php?rest_route=\/wp\/v2\/pages\/2\/revisions"}],"predecessor-version":[{"id":2715,"href":"http:\/\/www.ardennes1940aceuxquiontresiste.org\/index.php?rest_route=\/wp\/v2\/pages\/2\/revisions\/2715"}],"wp:attachment":[{"href":"http:\/\/www.ardennes1940aceuxquiontresiste.org\/index.php?rest_route=%2Fwp%2Fv2%2Fmedia&parent=2"}],"curies":[{"name":"wp","href":"https:\/\/api.w.org\/{rel}","templated":true}]}}