{"id":1790,"date":"2016-12-17T12:15:18","date_gmt":"2016-12-17T11:15:18","guid":{"rendered":"http:\/\/www.ardennes1940aceuxquiontresiste.org\/?page_id=1790"},"modified":"2017-05-14T18:09:45","modified_gmt":"2017-05-14T17:09:45","slug":"projets-dencerclement","status":"publish","type":"page","link":"http:\/\/www.ardennes1940aceuxquiontresiste.org\/?page_id=1790","title":{"rendered":"Tentatives d&rsquo;encerclement"},"content":{"rendered":"<h2 align=\"center\">La Wehrmacht met en place la plus forte concentration d&rsquo;artillerie de la campagne de France<\/h2>\n<p><a name=\"top\"><\/a><\/p>\n<p>Du 18 au 22 mai, l&rsquo;\u00c9tat-Major allemand organise une concentration d&rsquo;artillerie hors du commun, ce qui montre l&rsquo;importance qu&rsquo;il attache \u00e0 la r\u00e9ussite de son plan d&rsquo;encerclement.<img loading=\"lazy\" decoding=\"async\" class=\"alignright size-full wp-image-1811\" src=\"http:\/\/www.ardennes1940aceuxquiontresiste.org\/wp-content\/uploads\/Intro-gauche.png\" alt=\"\" width=\"375\" height=\"236\" srcset=\"http:\/\/www.ardennes1940aceuxquiontresiste.org\/wp-content\/uploads\/Intro-gauche.png 375w, http:\/\/www.ardennes1940aceuxquiontresiste.org\/wp-content\/uploads\/Intro-gauche-300x189.png 300w\" sizes=\"auto, (max-width: 375px) 100vw, 375px\" \/><\/p>\n<p>La 16\u00b0 ID aligne, notamment autour d&rsquo;Haymoy et en-dessous de Stonne, 36 batteries \u00e0 4 canons, soit <strong>144 canons<\/strong> de calibre 100. Elles tireront plus de <strong>5 800 tonnes<\/strong> d&rsquo;obus.<br \/>\nLa 24\u00b0 ID en aligne autant, notamment sur les collines face \u00e0 Tannay et autour de Sauville ;<br \/>\nLa 26\u00b0 ID (General von F\u00f6rster) (secteur Le Chesne-Attigny) s&rsquo;y joint, en partie.<\/p>\n<p>Leur est adjointe l&rsquo;artillerie <span style=\"text-decoration: underline;\">lourde<\/span> du XVII\u00b0 A K(General Kienitz), canons de <strong>150<\/strong>.<br \/>\nSoit au total : 112 batteries de 4 canons = <strong>448 canons<\/strong><\/p>\n<div id=\"attachment_1810\" style=\"width: 208px\" class=\"wp-caption alignright\"><a href=\"http:\/\/www.ardennes1940aceuxquiontresiste.org\/wp-content\/uploads\/Fin-intro.png\"><img loading=\"lazy\" decoding=\"async\" aria-describedby=\"caption-attachment-1810\" class=\"size-medium wp-image-1810\" src=\"http:\/\/www.ardennes1940aceuxquiontresiste.org\/wp-content\/uploads\/Fin-intro-198x300.png\" alt=\"\" width=\"198\" height=\"300\" srcset=\"http:\/\/www.ardennes1940aceuxquiontresiste.org\/wp-content\/uploads\/Fin-intro-198x300.png 198w, http:\/\/www.ardennes1940aceuxquiontresiste.org\/wp-content\/uploads\/Fin-intro.png 273w\" sizes=\"auto, (max-width: 198px) 100vw, 198px\" \/><\/a><p id=\"caption-attachment-1810\" class=\"wp-caption-text\">obus mortier 200<\/p><\/div>\n<p>S&rsquo;y ajoutent les moyens de l&rsquo;infanterie :<br \/>\nmortiers de 50 : 18 par bataillon = 162<br \/>\nmortiers de 80 : 6 par bataillon = 54<br \/>\nantichars en grand nombre et un certain nombre de canons de 47 fran\u00e7ais r\u00e9cup\u00e9r\u00e9s au Sud de Sedan.<\/p>\n<p>Sont \u00e9galement intervenus des mortiers de <strong>200<\/strong> lib\u00e9r\u00e9s apr\u00e8s la prise de l&rsquo;ouvrage de La Fert\u00e9.<br \/>\nDes stocks de munitions imposants sont r\u00e9alis\u00e9s pour alimenter ces bouches \u00e0 feu.<\/p>\n<p><em>(Sources : Historique 16\u00b0 ID et 24\u00b0 ID &#8211; t\u00e9moignages directs de v\u00e9t\u00e9rans)<\/em><\/p>\n<h1 align=\"center\">23 mai<\/h1>\n<p>Dans la nuit du 22 au 23 mai, c&rsquo;est l&rsquo;enfer : nos services ont d\u00e9crypt\u00e9 un ordre d&rsquo;attaque allemand pour 3 h ; L&rsquo;artillerie fran\u00e7aise d\u00e9clenche des tirs de contre-pr\u00e9paration \u00e0 2 h 15 qui dureront jusque 15 h ; L&rsquo;artillerie allemande d\u00e9clenche ses tirs \u00e0 3 h : obus fusants, percutants ou fumig\u00e8nes&#8230;qui dureront jusqu&rsquo;au del\u00e0 de 12 h. La dur\u00e9e et la densit\u00e9 de ces tirs entra\u00eenent de nombreux tu\u00e9s et bless\u00e9s. Minutieusement observ\u00e9s par l&rsquo;\u00e9ternel mouchard d\u00e8s le lever du jour, nos positions et nos d\u00e9placements sont pourchass\u00e9s par les tirs d&rsquo;artillerie et les Stuka. Un calme relatif n&rsquo;intervient que vers 18 h.<br \/>\nComme une zone mar\u00e9cageuse borde le Nord-Ouest et l&rsquo;Ouest de la For\u00eat du Mont Dieu, deux zones de combats se d\u00e9gagent : l&rsquo;une \u00e0 l&rsquo;Est sur Le Mont Damion et La Berli\u00e8re, l&rsquo;autre \u00e0 l&rsquo;Ouest sur le canal des Ardennes et Tannay. Nous les examinerons l&rsquo;une apr\u00e8s l&rsquo;autre.<\/p>\n<p><em>RI: R\u00e9giment d&rsquo;Infanterie &#8211; RA : R\u00e9giment d&rsquo;Artillerie &#8211; GRDI : Groupe de Reconnaissance Divisionnaire-GRCA : Groupe de Reconnaissance de Corps d&rsquo;Arm\u00e9e &#8211; BCC : Bataillon de Chars de Combat- IR : R\u00e9giment d&rsquo;infanterie allemand &#8211; ID : Division d&rsquo;Infanterie allemande &#8211; PAK :antichar<\/em><\/p>\n<h2 style=\"color: red;\">Secteur EST<\/h2>\n<p>Les bataillons des diff\u00e9rents r\u00e9giments de la 3\u00b0 DIM sont r\u00e9partis sur la face Nord du massif du Mont Dieu : d&rsquo;Ouest en Est, du canal \u00e0 Stonne : 1\/91\u00b0, III\/91\u00b0, II\/51\u00b0, I\/51\u00b0, III\/51\u00b0, I\/67\u00b0, II\/91\u00b0, II\/67\u00b0. Le III\/67\u00b0 est en r\u00e9serve au Bois du Fay. La zone du I\/91\u00b0 reste calme. Le II\/91\u00b0, post\u00e9 derri\u00e8re le foss\u00e9 antichars, subit plusieurs attaques, avec pr\u00e9paration d&rsquo;artillerie, toutes repouss\u00e9es. A la Raill\u00e8re, le II\/51\u00b0 r\u00e9siste aux divers assauts. En fin d&rsquo;apr\u00e8s-midi, l&rsquo;ennemi demande un cessez-le-feu pour ramasser ses morts et ses bless\u00e9s. Il est accord\u00e9. Par contre, des infiltrations ont lieu dans la zone de l&rsquo;\u00c9tang Fourchu d\u00e9fendu par le III\/51\u00b0 RI, certains \u00e9l\u00e9ments s&rsquo;approchant de la clairi\u00e8re de La Grange au Mont. La situation demeure confuse l&rsquo;apr\u00e8s-midi, la liaison avec le I\/67\u00b0 RI n&rsquo;\u00e9tant pas r\u00e9alis\u00e9e.<\/p>\n<p><strong>Stonne<\/strong> est un point de r\u00e9sistance particulier. Cible des deux artilleries depuis plusieurs jours, il est vide d&rsquo;occupants. Comme les Fran\u00e7ais ont \u00e9t\u00e9 inform\u00e9s de l&rsquo;attaque, ils d\u00e9clenchent un violent tir d&rsquo;artillerie de contre-batterie 40 mn avant l&rsquo;attaque ; les cibles sont les pentes Nord de Stonne et le Bois de Raucourt. Le commandant HUBE de la 16 \u00b0 ID veut rompre la ligne de r\u00e9sistance fran\u00e7aise et concentre les premiers tirs d&rsquo;artillerie sur le village. Puis le 64\u00b0 IR venant des Bois de Raucourt attaque en force et l&rsquo;occupe&#8230; sans mal puisqu&rsquo;il est vide de d\u00e9fenseurs !<\/p>\n<p>Le mouchard est omnipr\u00e9sent. S&rsquo;y ajoute, vers midi, un ballon d&rsquo;observation allemand au-dessus de Maisoncelle.<\/p>\n<p>\n\t\t<style type=\"text\/css\">\n\t\t\t#gallery-1 {\n\t\t\t\tmargin: auto;\n\t\t\t}\n\t\t\t#gallery-1 .gallery-item {\n\t\t\t\tfloat: left;\n\t\t\t\tmargin-top: 10px;\n\t\t\t\ttext-align: center;\n\t\t\t\twidth: 50%;\n\t\t\t}\n\t\t\t#gallery-1 img {\n\t\t\t\tborder: 2px solid #cfcfcf;\n\t\t\t}\n\t\t\t#gallery-1 .gallery-caption {\n\t\t\t\tmargin-left: 0;\n\t\t\t}\n\t\t\t\/* see gallery_shortcode() in wp-includes\/media.php *\/\n\t\t<\/style>\n\t\t<div id='gallery-1' class='gallery galleryid-1790 gallery-columns-2 gallery-size-medium'><dl class='gallery-item'>\n\t\t\t<dt class='gallery-icon landscape'>\n\t\t\t\t<a href='http:\/\/www.ardennes1940aceuxquiontresiste.org\/?attachment_id=1831'><img loading=\"lazy\" decoding=\"async\" width=\"300\" height=\"224\" src=\"http:\/\/www.ardennes1940aceuxquiontresiste.org\/wp-content\/uploads\/Capture-d\u2019\u00e9cran-2016-12-19-\u00e0-11.13.41-300x224.png\" class=\"attachment-medium size-medium\" alt=\"\" aria-describedby=\"gallery-1-1831\" srcset=\"http:\/\/www.ardennes1940aceuxquiontresiste.org\/wp-content\/uploads\/Capture-d\u2019\u00e9cran-2016-12-19-\u00e0-11.13.41-300x224.png 300w, http:\/\/www.ardennes1940aceuxquiontresiste.org\/wp-content\/uploads\/Capture-d\u2019\u00e9cran-2016-12-19-\u00e0-11.13.41.png 416w\" sizes=\"auto, (max-width: 300px) 100vw, 300px\" \/><\/a>\n\t\t\t<\/dt>\n\t\t\t\t<dd class='wp-caption-text gallery-caption' id='gallery-1-1831'>\n\t\t\t\tFerme des Cendri\u00e8res AVANT\n\t\t\t\t<\/dd><\/dl><dl class='gallery-item'>\n\t\t\t<dt class='gallery-icon landscape'>\n\t\t\t\t<a href='http:\/\/www.ardennes1940aceuxquiontresiste.org\/?attachment_id=1832'><img loading=\"lazy\" decoding=\"async\" width=\"300\" height=\"174\" src=\"http:\/\/www.ardennes1940aceuxquiontresiste.org\/wp-content\/uploads\/Capture-d\u2019\u00e9cran-2016-12-19-\u00e0-11.13.47-300x174.png\" class=\"attachment-medium size-medium\" alt=\"\" aria-describedby=\"gallery-1-1832\" srcset=\"http:\/\/www.ardennes1940aceuxquiontresiste.org\/wp-content\/uploads\/Capture-d\u2019\u00e9cran-2016-12-19-\u00e0-11.13.47-300x174.png 300w, http:\/\/www.ardennes1940aceuxquiontresiste.org\/wp-content\/uploads\/Capture-d\u2019\u00e9cran-2016-12-19-\u00e0-11.13.47.png 605w\" sizes=\"auto, (max-width: 300px) 100vw, 300px\" \/><\/a>\n\t\t\t<\/dt>\n\t\t\t\t<dd class='wp-caption-text gallery-caption' id='gallery-1-1832'>\n\t\t\t\tFerme des Cendri\u00e8res APRES\n\t\t\t\t<\/dd><\/dl><br style=\"clear: both\" \/>\n\t\t<\/div>\n<br \/>\nHube veut enlever le Mont Damion d\u00e9fendu par le II\/67\u00b0 RI du capitaine Lejeune et conqu\u00e9rir <strong>la ferme des Cendri\u00e8res<\/strong> d\u00e9fendue par la 7\u00b0 Compagnie du II\/67 et qui verrouille la vall\u00e9e de La Berli\u00e8re. A 4 h (heure fran\u00e7aise), les tirs d&rsquo;artillerie sont dirig\u00e9s sur ces deux cibles avec notamment des obus fumig\u00e8nes. Mais comme ces derniers g\u00eanent les assaillants qui pensent \u00e0 une attaque aux gaz fran\u00e7aise, ils sont suspendus \u00e0 4 h 35. Le II\/60\u00b0 IR (un groupe d&rsquo;assaut et une section de pionniers) attaque la ferme des Cendri\u00e8res. Le brouillard artificiel permet une attaque brutale qui surprend les d\u00e9fenseurs. La densit\u00e9 du feu abat la plupart des officiers (dont le Lieutenant Bes de Berc), mais la r\u00e9sistance est tenace. Pendant trois heures,les attaques sont repouss\u00e9es. Les d\u00e9fenseurs s&rsquo;accrochent \u00e0 leurs positions, maison par maison. Post\u00e9s dans les \u00e9tages et sous les toits, leurs tirs meurtriers bloquent toute progression ennemie. Mais un tir arrive sur le d\u00e9p\u00f4t de munitions qui explose. De plus, l&rsquo;assaillant bloqu\u00e9 depuis plusieurs heures a fait appel \u00e0 des renforts qui arrivent : la 5\u00b0 Cie du 60\u00b0IR accompagn\u00e9e d&rsquo;un groupe de mitrailleuses lourdes. Les maisons sont en feu : les derniers d\u00e9fenseurs doivent se r\u00e9fugier dans la cave du b\u00e2timent qu&rsquo;ils occupent. Submerg\u00e9s, les rescap\u00e9s sont contraints de se rendre et de rejoindre leurs camarades d\u00e9j\u00e0 captur\u00e9s : 30 survivants sur 120 ! Deux ont r\u00e9ussi \u00e0 s&rsquo;\u00e9chapper et \u00e0 rejoindre le PC.<br \/>\nDe chaque c\u00f4t\u00e9, le nombre de morts et de bless\u00e9s est impressionnant.<br \/>\n<img loading=\"lazy\" decoding=\"async\" class=\"aligncenter size-full wp-image-1877\" src=\"http:\/\/www.ardennes1940aceuxquiontresiste.org\/wp-content\/uploads\/cendri\u00e8res.jpg\" alt=\"\" width=\"2337\" height=\"1694\" srcset=\"http:\/\/www.ardennes1940aceuxquiontresiste.org\/wp-content\/uploads\/cendri\u00e8res.jpg 2337w, http:\/\/www.ardennes1940aceuxquiontresiste.org\/wp-content\/uploads\/cendri\u00e8res-300x217.jpg 300w, http:\/\/www.ardennes1940aceuxquiontresiste.org\/wp-content\/uploads\/cendri\u00e8res-768x557.jpg 768w, http:\/\/www.ardennes1940aceuxquiontresiste.org\/wp-content\/uploads\/cendri\u00e8res-1024x742.jpg 1024w, http:\/\/www.ardennes1940aceuxquiontresiste.org\/wp-content\/uploads\/cendri\u00e8res-624x452.jpg 624w\" sizes=\"auto, (max-width: 2337px) 100vw, 2337px\" \/><br \/>\nPendant ce temps, le I\/60 IR suivi du 79\u00b0 IR attaque <strong>le Mont Damion<\/strong> par le Nord et l&rsquo;Est. Il est accueilli par des tirs de mitrailleuses et de grenades. Une nouvelle attaque \u00e0 14 h est contenue par des tirs de mortiers. La d\u00e9fense est efficace, mais les munitions se rar\u00e9fient.<br \/>\n<a href=\"http:\/\/www.ardennes1940aceuxquiontresiste.org\/wp-content\/uploads\/Capture-d\u2019\u00e9cran-2016-12-19-\u00e0-11.16.28.png\"><img loading=\"lazy\" decoding=\"async\" class=\"alignright size-medium wp-image-1833\" src=\"http:\/\/www.ardennes1940aceuxquiontresiste.org\/wp-content\/uploads\/Capture-d\u2019\u00e9cran-2016-12-19-\u00e0-11.16.28-300x211.png\" alt=\"\" width=\"300\" height=\"211\" srcset=\"http:\/\/www.ardennes1940aceuxquiontresiste.org\/wp-content\/uploads\/Capture-d\u2019\u00e9cran-2016-12-19-\u00e0-11.16.28-300x211.png 300w, http:\/\/www.ardennes1940aceuxquiontresiste.org\/wp-content\/uploads\/Capture-d\u2019\u00e9cran-2016-12-19-\u00e0-11.16.28.png 383w\" sizes=\"auto, (max-width: 300px) 100vw, 300px\" \/><\/a><\/p>\n<p>La ferme de Franclieu est conquise par le III\/79\u00b0 IR laissant 10 tu\u00e9s et 38 bless\u00e9s sur le terrain.<br \/>\nA 6 h 15 des fus\u00e9es blanches indiquent que l&rsquo;avant-garde du II\/60\u00b0 IR est parvenue au sommet en se glissant sur le c\u00f4t\u00e9 Est, entre le II\/67\u00b0 RI et le 5\u00b0 R\u00e9giment d&rsquo;Infanterie Colonial Mixte S\u00e9n\u00e9galais RICMS). A 7h15, le 64\u00b0 IR vient se joindre aux attaquants sur leur aile droite mais une attaque de blind\u00e9s s\u00e8me la panique dans ses rangs suivie, \u00e0 9 h, par des tirs d&rsquo;artillerie cibl\u00e9s sur la zone d&rsquo;attaque entra\u00eenant des pertes importantes en peu de temps : 30 \u00e0 la 2\u00b0 compagnie, le capitaine et 8 hommes \u00e0 la 4\u00b0, le chef de groupe \u00e0 la 3\u00b0. \u00ab\u00a0On n&rsquo;entendait que des cris et des plaintes !\u00a0\u00bb.<\/p>\n<p>Venant du Nord du Gros Boul, un groupe d&rsquo;assaut du I\/64\u00b0 IR avec le Lt Weysen et le s\/Lt Rad\u00fc arrive en renfort et permet la continuation de la progression. Des \u00e9l\u00e9ments ennemis progressent \u00e9galement sur la route de La Berli\u00e8re et attaquent maintenant de l&rsquo;arri\u00e8re. Les 6\u00b0 et 7\u00b0 compagnies du 67\u00b0 RI sont submerg\u00e9es, presque encercl\u00e9es, avec de nombreux tu\u00e9s (tous les officiers), bless\u00e9s ou prisonniers, sans aucune liaison avec l&rsquo;arri\u00e8re. Comme l&rsquo;ennemi a atteint les environs de La Berli\u00e8re vers 17 h 30, les rescap\u00e9s doivent se replier \u00e0 travers les lignes ennemies, ce qu&rsquo;ils font en s&rsquo;ouvrant un passage avec leurs FM. Ils y parviennent mais beaucoup sont tu\u00e9s ou faits prisonniers.<\/p>\n<p>Au soir, tous les officiers d&rsquo;active du I\/64\u00b0 IR sont tomb\u00e9s, morts ou bless\u00e9s. Le 32\u00b0 IR (sauf le I\/32) arrive en renfort \u00e0 15h30 et l&rsquo;ensemble poursuit son avance avec l&rsquo;appui de l&rsquo;artillerie.<br \/>\nA sa gauche, le 79\u00b0 IR poursuit sa progression en for\u00eat, fort prudemment, car on redoute les tirs des Noirs du 5\u00b0 RICMS embusqu\u00e9s dans les arbres. Guid\u00e9s \u00e0 la boussole par un officier, la petite troupe progresse \u00e0 l&rsquo;aveugle vers le Sud, aux aguets, craignant les attaques surprises et les confusions, car plusieurs groupes progressent sans liaison entre eux. Ils atteignent enfin la lisi\u00e8re Sud, sur le chemin de cr\u00eate qui descend en pente douce vers La Berli\u00e8re. Mais aucune liaison n&rsquo;a pu \u00eatre prise avec le 118\u00b0 IR progressant dans les Bois de Sommauthe ! Les troupes coloniales (5\u00b0 RICMS) opposent une forte r\u00e9sistance et ralentissent fortement la progression des fantassins du 79\u00b0 IR non entra\u00een\u00e9s au combat en for\u00eat.<\/p>\n<p><a href=\"http:\/\/www.ardennes1940aceuxquiontresiste.org\/wp-content\/uploads\/Capture-d\u2019\u00e9cran-2016-12-19-\u00e0-11.17.27.png\"><img loading=\"lazy\" decoding=\"async\" class=\"alignleft size-medium wp-image-1834\" src=\"http:\/\/www.ardennes1940aceuxquiontresiste.org\/wp-content\/uploads\/Capture-d\u2019\u00e9cran-2016-12-19-\u00e0-11.17.27-300x195.png\" alt=\"\" width=\"300\" height=\"195\" srcset=\"http:\/\/www.ardennes1940aceuxquiontresiste.org\/wp-content\/uploads\/Capture-d\u2019\u00e9cran-2016-12-19-\u00e0-11.17.27-300x195.png 300w, http:\/\/www.ardennes1940aceuxquiontresiste.org\/wp-content\/uploads\/Capture-d\u2019\u00e9cran-2016-12-19-\u00e0-11.17.27.png 437w\" sizes=\"auto, (max-width: 300px) 100vw, 300px\" \/><\/a><br \/>\nLe III\/79\u00b0 IR poursuit et tente de conqu\u00e9rir le Mont du Cygne afin de gagner la Ferme d&rsquo;Isly et de se relier \u00e0 la 36\u00b0ID \u00e0 l&rsquo;Est. Mais la r\u00e9sistance est opini\u00e2tre et les troupes sont clou\u00e9es sur place, isol\u00e9es en for\u00eat, en grande difficult\u00e9 pour \u00eatre ravitaill\u00e9es en vivres et en munitions. Le bataillon subit de lourdes pertes : les sanitaires sont d\u00e9bord\u00e9s. Le II\/79 envoy\u00e9 en renfort subit le m\u00eame sort. Sous les bombardements incessants des deux artilleries, les arbres de la for\u00eat sont hach\u00e9s, \u00e9clat\u00e9s \u00e0 mi-hauteur et leurs branchages ajout\u00e9s au sous-bois fort dense forment un \u00ab\u00a0entrem\u00ealis\u00a0\u00bb infranchissable, propice aux d\u00e9fenseurs.<br \/>\nEn matin\u00e9e, la compagnie de la Hitte du 42\u00b0 BCC (H 39) renforc\u00e9e par la section Chambert du 45\u00b0 BCCGie (H 39) intervient au Nord de Oches pour s&rsquo;opposer \u00e0 l&rsquo;avance ennemie au Mont du Cygne. Celle-ci est repouss\u00e9e sur plus de 2 km mais, mal inform\u00e9s et d\u00e9munis de carte d&rsquo;Etat-Major, des chars s&#8217;embourbent (char Robin 45\u00b0 BCCGie) dans la zone mar\u00e9cageuse des Bauzi\u00e8res (lit du ruisseau de Oches).<\/p>\n<p>Dans cette situation, le II\/79 IR d\u00e9cide de prendre position sur place et les hommes s&rsquo;enterrent. Cette journ\u00e9e a \u00e9t\u00e9 rude : 33 morts, 99 bless\u00e9s et 6 disparus.<br \/>\nDe nombreux Fran\u00e7ais se replient sur le village de La Berli\u00e8re; davantage, venant des abords de Stonne se glissent sur la pente adverse, vers la route des Grandes Armoises.<br \/>\n<a href=\"http:\/\/www.ardennes1940aceuxquiontresiste.org\/wp-content\/uploads\/Capture-d\u2019\u00e9cran-2016-12-19-\u00e0-11.18.42.png\"><img loading=\"lazy\" decoding=\"async\" class=\"alignright size-medium wp-image-1836\" src=\"http:\/\/www.ardennes1940aceuxquiontresiste.org\/wp-content\/uploads\/Capture-d\u2019\u00e9cran-2016-12-19-\u00e0-11.18.42-300x210.png\" alt=\"\" width=\"300\" height=\"210\" srcset=\"http:\/\/www.ardennes1940aceuxquiontresiste.org\/wp-content\/uploads\/Capture-d\u2019\u00e9cran-2016-12-19-\u00e0-11.18.42-300x210.png 300w, http:\/\/www.ardennes1940aceuxquiontresiste.org\/wp-content\/uploads\/Capture-d\u2019\u00e9cran-2016-12-19-\u00e0-11.18.42.png 477w\" sizes=\"auto, (max-width: 300px) 100vw, 300px\" \/><\/a><br \/>\nPositionn\u00e9 au Sud de Stonne, \u00e0 cheval sur la route de La Berli\u00e8re, le <strong>II\/91\u00b0 RI<\/strong> craint l&rsquo;encerclement. Vers 10 h, les 5\u00b0 et 6\u00b0 sections op\u00e8rent un repli partiel qui devient d\u00e9finitif \u00e0 13 h. Ce repli s&rsquo;op\u00e8re vers le Sud, \u00e0 mi-pente, vers Sy et le Bois du Fay pilonn\u00e9 par l&rsquo;artillerie ennemie. Les premiers franchissent rapidement le sommet de la c\u00f4te, mais les derniers sont en ligne de mire des troupes ennemies qui progressent sur le versant oppos\u00e9 de la vall\u00e9e. Des pertes sont \u00e0 d\u00e9plorer. Seuls 80 hommes valides et quelques FM parviennent \u00e0 basculer dans le vallon de Sy. Mais des groupes n&rsquo;ont pas \u00e9t\u00e9 avertis : c&rsquo;est le cas de celui de Jos\u00e9 Bouchez, situ\u00e9 en bordure de la route, aux abords de Stonne. Sans le passage de la chenillette-balai, c&rsquo;\u00e9tait la capture.<br \/>\nPlus surprenant, le PC du bataillon (commandant Hanus) situ\u00e9 \u00e0 mi-pente, 1 km au Nord de La Berli\u00e8re, n&rsquo;a pas non plus \u00e9t\u00e9 alert\u00e9 du repli et se trouve isol\u00e9, sous les feux des deux artilleries et des tirs des troupes ennemies qui lui font face sur les pentes Est de la vall\u00e9e. Il rejoint difficilement le Bois du Fay. Au soir, environ 175 hommes sont regroup\u00e9s au Bois de Sy.<br \/>\nLe II\/64\u00b0 IR longe la route des Grandes Armoises et poursuit vers le village o\u00f9 il est accueilli par des tirs venant des vergers environnants. Il finit par prendre position entre les deux localit\u00e9s, au-dessus de la route, car la nuit tombe.<br \/>\nLe 111\/67\u00b0 RI est charg\u00e9 d&rsquo;assurer la d\u00e9fense du secteur allant des lisi\u00e8res Nord du Bois du Fay \u00e0 la corne du Mont Dieu entre La Barbi\u00e8re et la Grange au Mont. Il repousse inexorablement les attaques ennemies qui se r\u00e9p\u00e8tent tout au long de l&rsquo;apr\u00e8s-midi. L&rsquo;ennemi renonce vers 16h30.<br \/>\nAu terme de cette journ\u00e9e et malgr\u00e9 les moyens exceptionnels mis en oeuvre, aucun but n&rsquo;est atteint par la Wehrmacht : pas de liaison avec la division voisine (36\u00b0 ID), le 79\u00b0 IR est bloqu\u00e9 et isol\u00e9 au Mont du Cygne ce qui fait que Oches, objectif fix\u00e9, n&rsquo;est pas atteint. Des pertes importantes sont partout enregistr\u00e9es. Le front s&rsquo;\u00e9tire du Mont du Cygne aux abords de La Berli\u00e8re, aux Grandes Armoises, \u00e0 la ferme de La Grange au Mont, au Vivier. On s&rsquo;appr\u00eate \u00e0 vivre une prochaine journ\u00e9e encore rude, mais avec des forces amoindries.<\/p>\n<p>Vers 21 h arrive la <strong>1\u00e8re Brigade de Spahis<\/strong> qui vient conforter les arri\u00e8res de la 3\u00b0 DIM : le 6\u00b0 Alg\u00e9riens dans le secteur de SY-Uchon, le 4\u00b0 Marocains entre Oches et Les Grandes Armoises.<br \/>\nUn gros orage survient en soir\u00e9e, calmant les derni\u00e8res ardeurs de chaque c\u00f4t\u00e9.<br \/>\n<a href=\"http:\/\/www.ardennes1940aceuxquiontresiste.org\/wp-content\/uploads\/Capture-d\u2019\u00e9cran-2016-12-19-\u00e0-11.20.07.png\"><img loading=\"lazy\" decoding=\"async\" class=\"aligncenter size-medium wp-image-1837\" src=\"http:\/\/www.ardennes1940aceuxquiontresiste.org\/wp-content\/uploads\/Capture-d\u2019\u00e9cran-2016-12-19-\u00e0-11.20.07-300x166.png\" alt=\"\" width=\"300\" height=\"166\" srcset=\"http:\/\/www.ardennes1940aceuxquiontresiste.org\/wp-content\/uploads\/Capture-d\u2019\u00e9cran-2016-12-19-\u00e0-11.20.07-300x166.png 300w, http:\/\/www.ardennes1940aceuxquiontresiste.org\/wp-content\/uploads\/Capture-d\u2019\u00e9cran-2016-12-19-\u00e0-11.20.07-768x424.png 768w, http:\/\/www.ardennes1940aceuxquiontresiste.org\/wp-content\/uploads\/Capture-d\u2019\u00e9cran-2016-12-19-\u00e0-11.20.07-624x344.png 624w, http:\/\/www.ardennes1940aceuxquiontresiste.org\/wp-content\/uploads\/Capture-d\u2019\u00e9cran-2016-12-19-\u00e0-11.20.07.png 839w\" sizes=\"auto, (max-width: 300px) 100vw, 300px\" \/><\/a><\/p>\n<p><a href=\"http:\/\/www.ardennes1940aceuxquiontresiste.org\/wp-content\/uploads\/tan\u00e92.jpg\"><img loading=\"lazy\" decoding=\"async\" class=\"aligncenter size-full wp-image-1839\" src=\"http:\/\/www.ardennes1940aceuxquiontresiste.org\/wp-content\/uploads\/tan\u00e92.jpg\" alt=\"\" width=\"2240\" height=\"1578\" srcset=\"http:\/\/www.ardennes1940aceuxquiontresiste.org\/wp-content\/uploads\/tan\u00e92.jpg 2240w, http:\/\/www.ardennes1940aceuxquiontresiste.org\/wp-content\/uploads\/tan\u00e92-300x211.jpg 300w, http:\/\/www.ardennes1940aceuxquiontresiste.org\/wp-content\/uploads\/tan\u00e92-768x541.jpg 768w, http:\/\/www.ardennes1940aceuxquiontresiste.org\/wp-content\/uploads\/tan\u00e92-1024x721.jpg 1024w, http:\/\/www.ardennes1940aceuxquiontresiste.org\/wp-content\/uploads\/tan\u00e92-624x440.jpg 624w\" sizes=\"auto, (max-width: 2240px) 100vw, 2240px\" \/><\/a><\/p>\n<p><strong>Deux \u00e9l\u00e9ments perturbateurs sur le plateau de Stonne :<\/strong><\/p>\n<p><em><strong>Des troupes momentan\u00e9ment sans directives :<\/strong> <\/em><br \/>\n<a href=\"http:\/\/www.ardennes1940aceuxquiontresiste.org\/wp-content\/uploads\/Capture-d\u2019\u00e9cran-2016-12-02-\u00e0-17.44.06.png\"><img loading=\"lazy\" decoding=\"async\" class=\"alignleft size-medium wp-image-1840\" src=\"http:\/\/www.ardennes1940aceuxquiontresiste.org\/wp-content\/uploads\/Capture-d\u2019\u00e9cran-2016-12-02-\u00e0-17.44.06-300x300.png\" alt=\"\" width=\"300\" height=\"300\" srcset=\"http:\/\/www.ardennes1940aceuxquiontresiste.org\/wp-content\/uploads\/Capture-d\u2019\u00e9cran-2016-12-02-\u00e0-17.44.06-300x300.png 300w, http:\/\/www.ardennes1940aceuxquiontresiste.org\/wp-content\/uploads\/Capture-d\u2019\u00e9cran-2016-12-02-\u00e0-17.44.06-150x150.png 150w, http:\/\/www.ardennes1940aceuxquiontresiste.org\/wp-content\/uploads\/Capture-d\u2019\u00e9cran-2016-12-02-\u00e0-17.44.06-768x766.png 768w, http:\/\/www.ardennes1940aceuxquiontresiste.org\/wp-content\/uploads\/Capture-d\u2019\u00e9cran-2016-12-02-\u00e0-17.44.06-624x622.png 624w, http:\/\/www.ardennes1940aceuxquiontresiste.org\/wp-content\/uploads\/Capture-d\u2019\u00e9cran-2016-12-02-\u00e0-17.44.06.png 946w\" sizes=\"auto, (max-width: 300px) 100vw, 300px\" \/><\/a>La densit\u00e9 des tirs d&rsquo;artillerie est infernale. Des batteries allemandes ont entrepris des tirs de ratissage sur le plateau : ce sont des tirs qui aspergent la largeur du terrain en progressant de quelques m\u00e8tres \u00e0 chaque fois. Rien ne peut y \u00e9chapper. <span style=\"text-decoration: underline;\">Le PC du I\/67\u00b0 RI<\/span> situ\u00e9 dans un ravin des lacets de la route des Grandes Armoises \u00e0 Stonne re\u00e7oit \u00e0 8 h une salve d&rsquo;obus qui l&rsquo;an\u00e9antit (5 rescap\u00e9s sur 25). Ce bataillon est ainsi coup\u00e9 de son r\u00e9giment \u00e0 partir de 8 h. Les bless\u00e9s ne pourront m\u00eame pas \u00eatre \u00e9vacu\u00e9s car les postes de secours sont d\u00e9bord\u00e9s et contraints de se replier.<br \/>\nPresque au m\u00eame moment, les tirs de l&rsquo;artillerie fran\u00e7aise touchent les <span style=\"text-decoration: underline;\">bases de d\u00e9part du I\/64\u00b0 IR<\/span> au pied de la c\u00f4te de Stonne et \u00e9liminent la plupart des officiers en t\u00eate des diff\u00e9rents groupes pr\u00eats \u00e0 passer \u00e0 l&rsquo;attaque. Les feux de flanc de l&rsquo;infanterie fran\u00e7aise post\u00e9e en for\u00eat du Mont Dieu causent \u00e9galement des pertes importantes, \u00e9liminant aussi plusieurs officiers. Au soir, tous les officiers du bataillon \u00e9taient ou tu\u00e9s ou bless\u00e9s. Sans chefs, la troupe erre sur place jusque dans l&rsquo;apr\u00e8s-midi o\u00f9, autour de quelques lieutenants, elle se dirige vers La Berli\u00e8re et se contente d&rsquo;occuper la cote 299 au Gros Boule.<br \/>\nVoil\u00e0 pourquoi le plateau de Stonne conna\u00eet ce matin-l\u00e0 un flottement assez g\u00e9n\u00e9ral. Seule la zone du Gros Boule exerce une r\u00e9sistance durable aux attaques lat\u00e9rales de l&rsquo;ennemi.<\/p>\n<p><em><strong>Une \u00e9nigme \u00e9claircie 40 ans plus tard :<\/strong><\/em><br \/>\nDans la soir\u00e9e du 23 mai, un groupe de fantassins attaque les positions fran\u00e7aises en bordure de for\u00eat, \u00e0 l&rsquo;Ouest des Grandes Armoises. Ces positions sont en r\u00e9alit\u00e9 le PC du 67\u00b0 RI. Surprise des Fran\u00e7ais qui r\u00e9agissent en tirant \u00e0 l&rsquo;aveuglette dans le noir. Survient une petite sonnerie de clairon et l&rsquo;attaque est suspendue. Chacun s&rsquo;interroge pour savoir de o\u00f9 vient cette troupe parvenue en pleine nuit au coeur de notre dispositif et qui s&rsquo;est subitement \u00e9vanouie. \u00c9nigme sans r\u00e9ponse pendant 40 ans, jusqu&rsquo;au jour o\u00f9 Bernard Horen, officier du 51\u00b0 RI, a finalement d\u00e9couvert le meneur de cette bizarre aventure.<\/p>\n<p><a href=\"http:\/\/www.ardennes1940aceuxquiontresiste.org\/wp-content\/uploads\/Capture-d\u2019\u00e9cran-2016-12-19-\u00e0-11.28.56.png\"><img loading=\"lazy\" decoding=\"async\" class=\"alignleft size-medium wp-image-1841\" src=\"http:\/\/www.ardennes1940aceuxquiontresiste.org\/wp-content\/uploads\/Capture-d\u2019\u00e9cran-2016-12-19-\u00e0-11.28.56-197x300.png\" alt=\"\" width=\"197\" height=\"300\" srcset=\"http:\/\/www.ardennes1940aceuxquiontresiste.org\/wp-content\/uploads\/Capture-d\u2019\u00e9cran-2016-12-19-\u00e0-11.28.56-197x300.png 197w, http:\/\/www.ardennes1940aceuxquiontresiste.org\/wp-content\/uploads\/Capture-d\u2019\u00e9cran-2016-12-19-\u00e0-11.28.56.png 223w\" sizes=\"auto, (max-width: 197px) 100vw, 197px\" \/><\/a>Vu le pi\u00e9tinement des troupes de la 16\u00b0 ID, des renforts sont venus de sa voisine, la 24\u00b0 ID : les I\u00b0 et II\u00b0 bataillons du 32\u00b0 IR sont charg\u00e9s de s&#8217;emparer des hauteurs dominant les Grandes Armoises c\u00f4t\u00e9 Nord. <strong>Starke<\/strong>, adjudant de la 1\u00b0 Cie forme un groupe qui d\u00e9marre \u00e0 13 h de la Grande C\u00f4te, progresse par la lisi\u00e8re des Bois du Mont Dieu puis est bloqu\u00e9 par les tirs de l&rsquo;artillerie fran\u00e7aise jusque 15h. Se glissant vers La Grange au Mont, il est \u00e0 nouveau stopp\u00e9 par les tirs des 9\u00b0 et 10\u00b0 compagnies du 51\u00b0 RI et, la nuit tomb\u00e9e, oblique vers la route de la Grange au Mont avant de sortir de la for\u00eat pour tenter d&rsquo;attaquer le village et le Bois du Fay. C&rsquo;est l\u00e0 o\u00f9 il est accueilli en pleine nuit par les tirs (de revolver) de quelques membres des PC. Craignant la capture, Starke rassemble les hommes avec quelques coups de clairon et se replie silencieusement en for\u00eat, au bas du chemin de La Grange au Mont. L\u00e0 s&rsquo;est arr\u00eat\u00e9e l&rsquo;aventure ; Surpris par la r\u00e9sistance fran\u00e7aise, il doit se replier sur ordre venu de la 16\u00b0 ID. Cette initiative jette un grand trouble dans les positions et les PC fran\u00e7ais !<br \/>\nLe 32\u00b0 IR r\u00e9ussit \u00e0 atteindre la route des Grandes Armoises \u00e0 la Grange au Mont et \u00e0 faire la liaison avec l&rsquo;IR 64. Afin de pr\u00e9server cette ligne de front, les Pionniers de la 16\u00b0 ID posent des mines sur la route Les Grandes Armoises-La Berli\u00e8re, en particulier aux virages qui pr\u00e9c\u00e8dent le village. Cette progression a \u00e9t\u00e9 ch\u00e8rement pay\u00e9e : le II\/64\u00b0 IR a perdu 274 hommes depuis le d\u00e9but de la semaine !<\/p>\n<p>Le Journal de Marche de la 24\u00b0 ID \u00ab\u00a0<em>d\u00e9plore qu&rsquo;\u00e0 la tomb\u00e9e de la nuit, le 32\u00b0 IR ait \u00e9t\u00e9 arr\u00eat\u00e9 par la 16\u00b0 ID pour assurer la protection du flanc droit au Bois du Mont Dieu. Pour ob\u00e9ir \u00e0 cet ordre, le Commandant du 32\u00b0 IR fut m\u00eame oblig\u00e9 de ramener en arri\u00e8re des unit\u00e9s qui se trouvaient en progression\u00a0\u00bb (l&rsquo;affaire Starke le montre !)&#8230;Le r\u00e9sultat esp\u00e9r\u00e9, prendre la cote 276, ne fut pas atteint<\/em>\u00ab\u00a0.<\/p>\n<h2 style=\"color: red;\">Secteur OUEST<\/h2>\n<p>La d\u00e9fense du canal, de la for\u00eat du Mont Dieu \u00e0 Pont Bar, est assur\u00e9e par les \u00e9l\u00e9ments suivants du Nord au Sud : I\/91\u00b0 RI &#8211; 1er Hussards (2\u00e8me, 4\u00e8me puis 3\u00e8me escadrons) -16\u00b0Bataillon de Chasseurs Port\u00e9s (BCP).<br \/>\nApr\u00e8s une intense pr\u00e9paration d&rsquo;artillerie et, profitant d&rsquo;un brouillard assez \u00e9pais, la 24\u00b0 ID attaque \u00e0 l&rsquo;aube en plusieurs lieux face \u00e0 la ferme La Tuilerie ; le 102\u00b0 IR franchit le canal et la Bar sur des p\u00e9niches \u00e9chou\u00e9es, le pont rest\u00e9 intact et des passages vite r\u00e9alis\u00e9s par le G\u00e9nie ; il s&rsquo;infiltre, bataille et progresse dans le vallon du ruisseau de la Forge vers Noci\u00e8ve malgr\u00e9 la r\u00e9sistance des Hussards \u00e0 la grenade et \u00e0 l&rsquo;arme blanche par endroits. Apr\u00e8s un moment de surprise, une vive riposte survient des lisi\u00e8res Sud des bois du Mont Dieu, clouant sur place les avant-gardes du 102\u00b0 IR. D&rsquo;autres groupes ennemis progressent en direction de la cote 276, au Nord de TANNAY d\u00e9fendu par le 16\u00b0BCP. Quand le brouillard se l\u00e8ve, l&rsquo;importance de l&rsquo;attaque est manifeste.<br \/>\nUn bataillon du 39\u00b0 IR appel\u00e9 en renfort tombe dans les tirs de notre artillerie qui le disloquent.<\/p>\n<p>A TANNAY d\u00e9fendu par le <strong>16\u00b0 BCP<\/strong>, les ponts sur le canal imparfaitement d\u00e9truits et ceux construits par le G\u00e9nie assurent le passage des troupes du 31\u00b0 IR. S&rsquo;y ajoutent les nouvelles troupes ennemies venant de la Tuilerie profitant du recul du 1er Hussards. Elles menacent le secteur Nord de Tannay o\u00f9 se tient la 3\u00e8me compagnie du 16\u00b0 BCP (Capitaine Fosse) oblig\u00e9e de modifier ses positions pour faire face au Nord. Des tirs d&rsquo;artillerie freinent l&rsquo;avance allemande mais la 2\u00e8me compagnie du 16\u00b0 BCP jusque l\u00e0 en r\u00e9serve doit \u00eatre engag\u00e9e, en partie sur le village, l&rsquo;autre partie \u00e0 l&rsquo;Est vers la cote 276. Le 93\u00e8me GRDI est engag\u00e9 dans le secteur de la cote 276 mais doit finalement se replier sur la route des Grandes Armoises sous la pression ennemie. Des \u00e9l\u00e9ments du 16\u00e8me BCP, d&rsquo;abord repli\u00e9s sur la Bar se sont r\u00e9organis\u00e9s et r\u00e9sistent dans la zone buissonneuse jusque vers 10 h ; finalement, la trentaine de combattants encore valides se replie par les foss\u00e9s de la route jusqu&rsquo;au carrefour de la Croix Desban. Vers 16 h, les hommes poursuivent leur repli vers Pont Bar et renforcent le centre de r\u00e9sistance en place. L&rsquo;ennemi est bloqu\u00e9 au Sud du village mais il attaque sans cesse jusque 16 h. A 16h30, profitant de l&rsquo;intervention des chars, le 16\u00e8me BCP parvient \u00e0 reprendre le village. Au cours de cette journ\u00e9e, les chasseurs ont tir\u00e9 plus de 25 000 cartouches !<\/p>\n<p>Au Nord, d\u00e9bord\u00e9s par le nombre, <strong>les<\/strong> <strong>Hussards<\/strong> se regroupent au carrefour de La Forge sous la protection des tirs du 91\u00e8me RI en for\u00eat. A midi, l&rsquo;avance ennemie le long du Bois du Mont Dieu est contenue, mais plus bas, elle est parvenue \u00e0 la cote 276.<br \/>\n<a href=\"http:\/\/www.ardennes1940aceuxquiontresiste.org\/wp-content\/uploads\/Capture-d\u2019\u00e9cran-2016-12-19-\u00e0-11.30.02.png\"><img loading=\"lazy\" decoding=\"async\" class=\"aligncenter size-full wp-image-1842\" src=\"http:\/\/www.ardennes1940aceuxquiontresiste.org\/wp-content\/uploads\/Capture-d\u2019\u00e9cran-2016-12-19-\u00e0-11.30.02.png\" alt=\"\" width=\"807\" height=\"363\" srcset=\"http:\/\/www.ardennes1940aceuxquiontresiste.org\/wp-content\/uploads\/Capture-d\u2019\u00e9cran-2016-12-19-\u00e0-11.30.02.png 807w, http:\/\/www.ardennes1940aceuxquiontresiste.org\/wp-content\/uploads\/Capture-d\u2019\u00e9cran-2016-12-19-\u00e0-11.30.02-300x135.png 300w, http:\/\/www.ardennes1940aceuxquiontresiste.org\/wp-content\/uploads\/Capture-d\u2019\u00e9cran-2016-12-19-\u00e0-11.30.02-768x345.png 768w, http:\/\/www.ardennes1940aceuxquiontresiste.org\/wp-content\/uploads\/Capture-d\u2019\u00e9cran-2016-12-19-\u00e0-11.30.02-624x281.png 624w\" sizes=\"auto, (max-width: 807px) 100vw, 807px\" \/><\/a><br \/>\nVers 11 h, le <strong>6\u00e8me GRDI<\/strong> lance une attaque sur Chantreune, Noci\u00e8ve et Tannay avec les AMD du 3\u00e8me escadron (Capitaine Renault) et le 4\u00e8me escadron moto (Lieutenant Mirabaud). Elle atteint la cote 276 mais suscite une violente r\u00e9action de l&rsquo;artillerie ennemie, intense, violente, meurtri\u00e8re : tous les officiers du 4\u00e8me escadron sont bless\u00e9s. 8 Auto-Mitrailleuses de D\u00e9couverte sur 12 sont touch\u00e9es par les antichars du 102\u00b0 IR (14\u00b0 Cie). Un repli s&rsquo;op\u00e8re dans le Bois Uchon sous le commandement du Commandant Bodelot, rempla\u00e7ant le Lieutenant colonel de Groulard, bless\u00e9.<\/p>\n<p><a href=\"http:\/\/www.ardennes1940aceuxquiontresiste.org\/wp-content\/uploads\/Capture-d\u2019\u00e9cran-2016-12-19-\u00e0-11.31.34.png\"><img loading=\"lazy\" decoding=\"async\" class=\"alignleft size-full wp-image-1846\" src=\"http:\/\/www.ardennes1940aceuxquiontresiste.org\/wp-content\/uploads\/Capture-d\u2019\u00e9cran-2016-12-19-\u00e0-11.31.34.png\" alt=\"\" width=\"172\" height=\"147\" \/><\/a>Les Allemands attaquent sans cesse, cr\u00e9ant une large poche qui inqui\u00e8te le g\u00e9n\u00e9ral Bertin-Boussu. La ligne de cr\u00eate entre Tannay et le Mont Dieu est tenue par divers \u00e9l\u00e9ments qui freinent la progression ennemie par leurs armes automatiques : restes du 1er Hussards \u00e0 La Forge, restes du groupe moto du 14\u00e8me GRCA dans le vallon menant au Bois triangulaire, 3\u00b0 escadron du 8\u00b0 Chasseurs cote 276, \u00e9l\u00e9ments du 93\u00e8me GRDI et restes du 6\u00e8me GRDI face au Bois Uchon. Mais le moindre mouvement est imm\u00e9diatement rep\u00e9r\u00e9 par le mouchard et soumis aux feux meurtriers de l&rsquo;artillerie ennemie. Ils tiennent toutefois jusque 15 h.<br \/>\n<a href=\"http:\/\/www.ardennes1940aceuxquiontresiste.org\/wp-content\/uploads\/Capture-d\u2019\u00e9cran-2016-12-19-\u00e0-11.31.39.png\"><img loading=\"lazy\" decoding=\"async\" class=\"alignright size-full wp-image-1845\" src=\"http:\/\/www.ardennes1940aceuxquiontresiste.org\/wp-content\/uploads\/Capture-d\u2019\u00e9cran-2016-12-19-\u00e0-11.31.39.png\" alt=\"\" width=\"347\" height=\"154\" srcset=\"http:\/\/www.ardennes1940aceuxquiontresiste.org\/wp-content\/uploads\/Capture-d\u2019\u00e9cran-2016-12-19-\u00e0-11.31.39.png 347w, http:\/\/www.ardennes1940aceuxquiontresiste.org\/wp-content\/uploads\/Capture-d\u2019\u00e9cran-2016-12-19-\u00e0-11.31.39-300x133.png 300w\" sizes=\"auto, (max-width: 347px) 100vw, 347px\" \/><\/a><br \/>\nUne contre-attaque est mont\u00e9e \u00e0 15 h par le g\u00e9n\u00e9ral Gaillard. Le groupe moto du 14\u00b0 GRCA (135 hommes relev\u00e9s la veille) et le groupe moto du 93\u00b0 GRDI (80 hommes) accompagnent les chars de 2 Cies du 45\u00b0 BCC. Arrivant de Sy, la 3\u00e8me Cie (Capitaine Gobet) progresse sur Chantreune, puis La Forge, Le Moulinot, Mon Id\u00e9e. Ils s\u00e8ment la mort dans les rangs ennemis et parviennent \u00e0 la route de Sedan. La 2\u00e8me Cie (Capitaine Delpal) attaque la cote 276 en passant au sommet du vallon de Noci\u00e8ve et par le vallon du Hochet de Noci\u00e8ve o\u00f9 s&rsquo;\u00e9taient infiltr\u00e9s de nombreux ennemis. Les chars progressent en faisant feu de toutes leurs armes dans tout le secteur (fort d\u00e9nud\u00e9). Ils poursuivent les rescap\u00e9s r\u00e9fugi\u00e9s dans le Bois Triangulaire (Bois du Chaufour), broyant buissons et jeunes arbres, \u00e9crasant tout sur leur passage. Apr\u00e8s leur passage, le bois est rempli de cadavres du 102\u00b0 IR. Une vingtaine de prisonniers sont emmen\u00e9s \u00e0 l&rsquo;arri\u00e8re.<\/p>\n<p>Les quelques rescap\u00e9s horrifi\u00e9s s&rsquo;enfuient, semant la panique parmi leurs camarades de l&rsquo;arri\u00e8re.<\/p>\n<p><a href=\"http:\/\/www.ardennes1940aceuxquiontresiste.org\/wp-content\/uploads\/Capture-d\u2019\u00e9cran-2016-12-19-\u00e0-11.31.48.png\"><img loading=\"lazy\" decoding=\"async\" class=\"align center size-full wp-image-1844\" src=\"http:\/\/www.ardennes1940aceuxquiontresiste.org\/wp-content\/uploads\/Capture-d\u2019\u00e9cran-2016-12-19-\u00e0-11.31.48.png\" alt=\"\" width=\"936\" height=\"221\" srcset=\"http:\/\/www.ardennes1940aceuxquiontresiste.org\/wp-content\/uploads\/Capture-d\u2019\u00e9cran-2016-12-19-\u00e0-11.31.48.png 936w, http:\/\/www.ardennes1940aceuxquiontresiste.org\/wp-content\/uploads\/Capture-d\u2019\u00e9cran-2016-12-19-\u00e0-11.31.48-300x71.png 300w, http:\/\/www.ardennes1940aceuxquiontresiste.org\/wp-content\/uploads\/Capture-d\u2019\u00e9cran-2016-12-19-\u00e0-11.31.48-768x181.png 768w, http:\/\/www.ardennes1940aceuxquiontresiste.org\/wp-content\/uploads\/Capture-d\u2019\u00e9cran-2016-12-19-\u00e0-11.31.48-624x147.png 624w\" sizes=\"auto, (max-width: 936px) 100vw, 936px\" \/><\/a><\/p>\n<p>Les chars refoulent l&rsquo;ennemi au-del\u00e0 de la route nationale, ce qui permet aux cavaliers de r\u00e9occuper la cr\u00eate 276. Dans le m\u00eame temps, le 16\u00b0 BCP a rejet\u00e9 l&rsquo;ennemi de Tannay et r\u00e9occupe les lisi\u00e8res Nord.<br \/>\nA gauche, le 6\u00e8me GRDI participe \u00e0 la contre-attaque mais 3 de ses automitrailleuses rescap\u00e9es sont d\u00e9truites.<br \/>\n<a href=\"http:\/\/www.ardennes1940aceuxquiontresiste.org\/wp-content\/uploads\/Capture-d\u2019\u00e9cran-2016-12-19-\u00e0-11.33.46.png\"><img loading=\"lazy\" decoding=\"async\" class=\"alignleft size-full wp-image-1847\" src=\"http:\/\/www.ardennes1940aceuxquiontresiste.org\/wp-content\/uploads\/Capture-d\u2019\u00e9cran-2016-12-19-\u00e0-11.33.46.png\" alt=\"\" width=\"234\" height=\"195\" \/><\/a><br \/>\nDirig\u00e9 par le mouchard, l&rsquo;enfer ne tarde pas \u00e0 se d\u00e9cha\u00eener : Stuka, antichars et artillerie endommagent de nombreux chars et fauchent les troupes qui cherchent \u00e0 progresser : 2 sections sont litt\u00e9ralement \u00e9cras\u00e9es par le d\u00e9luge de feu. Cette pression ennemie contraint \u00e0 un repli aux abords de la route des Grandes Armoises. A la 2\u00e8me Cie du 45\u00e8me BCC, 7 morts dont son chef, le capitaine Delpal et 11 bless\u00e9s, 3 chars disponibles sur les 13 engag\u00e9s (6 seront r\u00e9cup\u00e9r\u00e9s la nuit). Le groupe du 14\u00b0 GRCA a perdu tous ses officiers. Au 1er Hussards, les pertes se montent \u00e0 plus de 100 tu\u00e9s (dont le chef de corps et 2 capitaines commandants), bless\u00e9s ou disparus. Les rescap\u00e9s passent la nuit \u00e0 rechercher les bless\u00e9s, \u00e0 enterrer les morts et \u00e0 se r\u00e9organiser.<\/p>\n<p>Les unit\u00e9s fran\u00e7aises (ce qui en reste !) s&rsquo;accrochent \u00e0 la cote 276 et \u00e0 la ligne de cr\u00eate au-dessus de Tannay. Aucune liaison n&rsquo;a \u00e9t\u00e9 trouv\u00e9e avec le 1er Hussards, vers le Mont Dieu : ce vide inqui\u00e8te. L&rsquo;ennemi plus ou moins repli\u00e9 r\u00e9organise ses positions.<\/p>\n<p>Durement \u00e9prouv\u00e9, le 45\u00b0 BCC se replie sur ordre \u00e0 20 h et se dirige vers les bois au Nord de Brieulles sur Bar.<\/p>\n<p><a href=\"http:\/\/www.ardennes1940aceuxquiontresiste.org\/wp-content\/uploads\/tan\u00e91.jpg\"><img loading=\"lazy\" decoding=\"async\" class=\"aligncenter size-full wp-image-1848\" src=\"http:\/\/www.ardennes1940aceuxquiontresiste.org\/wp-content\/uploads\/tan\u00e91.jpg\" alt=\"\" width=\"1618\" height=\"2237\" srcset=\"http:\/\/www.ardennes1940aceuxquiontresiste.org\/wp-content\/uploads\/tan\u00e91.jpg 1618w, http:\/\/www.ardennes1940aceuxquiontresiste.org\/wp-content\/uploads\/tan\u00e91-217x300.jpg 217w, http:\/\/www.ardennes1940aceuxquiontresiste.org\/wp-content\/uploads\/tan\u00e91-768x1062.jpg 768w, http:\/\/www.ardennes1940aceuxquiontresiste.org\/wp-content\/uploads\/tan\u00e91-741x1024.jpg 741w, http:\/\/www.ardennes1940aceuxquiontresiste.org\/wp-content\/uploads\/tan\u00e91-624x863.jpg 624w\" sizes=\"auto, (max-width: 1618px) 100vw, 1618px\" \/><\/a><\/p>\n<p>Rassemblent au Fond Barr\u00e9, en attente d&rsquo;intervention : 7 blind\u00e9s avec le Lieutenant Dumont d\u00e8s le matin, rejoints par 7 autres (Lieutenant Caraveo) \u00e0 la nuit tombante. Dissimul\u00e9s dans un bois, ils font le plein de carburant et de munitions et attendent les ordres car il est question d&rsquo;intervenir entre Tannay et le Mont Dieu. La nuit tombe, les \u00e9quipages peuvent se reposer sous la garde de sentinelles en armes et d&rsquo;un officier de quart.<\/p>\n<p><a href=\"http:\/\/www.ardennes1940aceuxquiontresiste.org\/wp-content\/uploads\/Capture-d\u2019\u00e9cran-2016-12-19-\u00e0-11.38.17.png\"><img loading=\"lazy\" decoding=\"async\" class=\"alignleft size-full wp-image-1855\" src=\"http:\/\/www.ardennes1940aceuxquiontresiste.org\/wp-content\/uploads\/Capture-d\u2019\u00e9cran-2016-12-19-\u00e0-11.38.17.png\" alt=\"\" width=\"363\" height=\"252\" srcset=\"http:\/\/www.ardennes1940aceuxquiontresiste.org\/wp-content\/uploads\/Capture-d\u2019\u00e9cran-2016-12-19-\u00e0-11.38.17.png 363w, http:\/\/www.ardennes1940aceuxquiontresiste.org\/wp-content\/uploads\/Capture-d\u2019\u00e9cran-2016-12-19-\u00e0-11.38.17-300x208.png 300w\" sizes=\"auto, (max-width: 363px) 100vw, 363px\" \/><\/a><strong>L&rsquo;artillerie<\/strong> fran\u00e7aise install\u00e9e autour de Sy (42\u00b0 et 242\u00b0 RA) &#8211; batteries de 75 et de 105- ouvre le feu d\u00e8s 3 h du matin : tirs rapides qui annoncent une chaude journ\u00e9e ! La riposte allemande ne tarde pas : 77, 105 et 150. Ce marmitage r\u00e9ciproque se prolonge jusque 15 et 17 h. Sy est en feu ; dans les pr\u00e9s alentours gisent quantit\u00e9 de vaches tu\u00e9es, le ventre gonfl\u00e9, les quatre pattes en l&rsquo;air. Spectacle d\u00e9solant ! Dans le Bois de Sy, des obus tombent sur des caissons de munitions qui explosent. Les Stuka harc\u00e8lent les batteries, les mitraillent et d\u00e9versent des torpilles qui s&rsquo;ajoutent aux obus ennemis, tuant et blessant nombre de canonniers et mettant plusieurs pi\u00e8ces \u00e0 mal. Les lignes t\u00e9l\u00e9phoniques filaires sont en pi\u00e8ces et il faut assurer les liaisons par des coureurs !!<br \/>\nUn orage \u00e9clate en fin d&rsquo;apr\u00e8s-midi permettant un rapide repli sur le Fond Barr\u00e9, pr\u00e8s de Saint Pierremont. Plusieurs pi\u00e8ces reprennent au soir leurs positions initiales.<br \/>\n<em>C&rsquo;est la journ\u00e9e la plus \u00e9prouvante<\/em>, dira un rescap\u00e9, <em>plus de 20 000 obus ont \u00e9t\u00e9 tir\u00e9s ce jour-l\u00e0 <\/em>!<\/p>\n<p>Le 319\u00b0 RATT de la 3\u00b0 DCR post\u00e9e pr\u00e8s des Petites Armoises participe au pilonnage des positions allemandes. Mais il est la cible d&rsquo;un violent bombardement \u00e0 11 h qui d\u00e9truit le PC, fait 2 tu\u00e9s et 4 bless\u00e9s. Il est alors transf\u00e9r\u00e9 dans une cave du village et des sentinelles sont plac\u00e9es \u00e0 l&rsquo;entr\u00e9e du village car la fusillade semble proche.<br \/>\nJourn\u00e9e \u00e9prouvante pour les deux arm\u00e9es. L&rsquo;ennemi a engag\u00e9 des forces consid\u00e9rables : la 24\u00b0 Division d&rsquo;Infanterie, des \u00e9l\u00e9ments de la 26\u00b0 Division d&rsquo;Infanterie (77\u00b0 IR qui arrive)&#8230; sur un front assez restreint. La troupe disposait de dotations importantes en antichars, mitrailleuses lourdes, armes diverses y compris les excellents 47 fran\u00e7ais r\u00e9cup\u00e9r\u00e9s au Sud de Sedan. L&rsquo;artillerie a b\u00e9n\u00e9fici\u00e9 en permanence des indications du mouchard ; l&rsquo;aviation omnipr\u00e9sente est intervenue continuellement, bombardant les chars et mitraillant nos combattants. Malgr\u00e9 cette \u00e9norme sup\u00e9riorit\u00e9, une seule bande de terrain a \u00e9t\u00e9 conquise entre Tannay et la for\u00eat du Mont Dieu. La r\u00e9sistance fran\u00e7aise a donc \u00e9t\u00e9 efficace, mais \u00e0 quel prix !<\/p>\n<p><a href=\"http:\/\/www.ardennes1940aceuxquiontresiste.org\/wp-content\/uploads\/Capture-d\u2019\u00e9cran-2016-12-19-\u00e0-11.38.23.png\"><img loading=\"lazy\" decoding=\"async\" class=\"alignleft size-full wp-image-1850\" src=\"http:\/\/www.ardennes1940aceuxquiontresiste.org\/wp-content\/uploads\/Capture-d\u2019\u00e9cran-2016-12-19-\u00e0-11.38.23.png\" alt=\"\" width=\"115\" height=\"158\" \/><\/a>Tous les survivants du 102\u00b0 IR seront d\u00e9cor\u00e9s. Un officier du 31\u00b0 IR a \u00e9crit : \u00ab\u00a0<em>Les Fran\u00e7ais ne veulent \u00e0 aucun prix abandonner Tannay et l&rsquo;imposante cote 276 dont une petite partie est d\u00e9j\u00e0 entre nos mains. On aper\u00e7oit sur la cr\u00eate d&rsquo;o\u00f9 nos troupes ont, apr\u00e8s de durs combats, chass\u00e9 l&rsquo;adversaire, des chars fran\u00e7ais. Ils s&rsquo;avancent tranquillement faisant feu de toutes leurs pi\u00e8ces, d\u00e9truisant tout ce qui se pr\u00e9sente dans leur champ de tir, au milieu de nos combattants \u00e9puis\u00e9s qui cherchent \u00e0 s&rsquo;abriter&#8230;Impuissants, nous devons assister \u00e0 l&rsquo;oeuvre de destruction des engins fran\u00e7ais&#8230; La cote 276 est perdue.<\/em>\u00a0\u00bb<\/p>\n<p>La nuit on enregistre des tirs d&rsquo;artillerie ennemis assez continus, par rafales d&rsquo;une cinquantaine d&rsquo;obus de 105 et de 150, sur le Bois Triangulaire, la cuvette et la ferme de Noci\u00e8ve, le carrefour et sur Sy, ce qui accentue la fatigue extr\u00eame de nos troupes qui, \u00e9puis\u00e9es, cherchent un peu de repos.<\/p>\n<h1 align=\"center\">24 mai<\/h1>\n<h2 style=\"color: red;\">Secteur OUEST<\/h2>\n<p>L&rsquo;ennemi veut \u00e0 tout prix s&#8217;emparer de la cote 276 qui domine tout le secteur. Surgissant de la brume matinale, les fantassins du 31\u00b0 IR montent \u00e0 l&rsquo;assaut.<\/p>\n<p><a href=\"http:\/\/www.ardennes1940aceuxquiontresiste.org\/wp-content\/uploads\/Capture-d\u2019\u00e9cran-2016-12-19-\u00e0-11.38.28.png\"><img loading=\"lazy\" decoding=\"async\" class=\"alignleft size-medium wp-image-1851\" src=\"http:\/\/www.ardennes1940aceuxquiontresiste.org\/wp-content\/uploads\/Capture-d\u2019\u00e9cran-2016-12-19-\u00e0-11.38.28-300x189.png\" alt=\"\" width=\"300\" height=\"189\" srcset=\"http:\/\/www.ardennes1940aceuxquiontresiste.org\/wp-content\/uploads\/Capture-d\u2019\u00e9cran-2016-12-19-\u00e0-11.38.28-300x189.png 300w, http:\/\/www.ardennes1940aceuxquiontresiste.org\/wp-content\/uploads\/Capture-d\u2019\u00e9cran-2016-12-19-\u00e0-11.38.28.png 400w\" sizes=\"auto, (max-width: 300px) 100vw, 300px\" \/><\/a>Le <strong>16\u00b0 BCP<\/strong> (Bataillon de Chasseurs Port\u00e9s) d\u00e9fend \u00e2prement le village de Tannay. Dans la partie Nord (vers Le Mont Dieu), attaqu\u00e9s de deux c\u00f4t\u00e9s \u00e0 la fois, les Chasseurs sont oblig\u00e9s de se replier en dessous du village o\u00f9 ils organisent un ilot de r\u00e9sistance. Dans le village, c&rsquo;est un combat acharn\u00e9, maison par maison, \u00e0 la grenade. Jusque vers 10 h, la bataille fait rage dans les ruines fumantes ; le 16\u00b0 BCP et les restes de trois pelotons du 3\u00e8me escadron du 1er Hussards venus en renfort, r\u00e9sistent courageusement. Vers midi, \u00e9cras\u00e9s par les tirs et le nombre, les d\u00e9fenseurs sont contraints de reculer pied \u00e0 pied, en utilisant les foss\u00e9s de la RN 77, jusqu&rsquo;au carrefour de la Croix Desban. A 13 h, le 31\u00b0 IR attaque le groupe install\u00e9 entre le village et le canal et l&rsquo;oblige \u00e0 se replier en bon ordre \u00e0 travers buissons et plantations, vers le 3\u00e8me bataillon qui tient le carrefour de Pont Bar. Une ligne de r\u00e9sistance se reconstitue ainsi entre Tannay et le canal des Ardennes vers Le Chesne.<\/p>\n<p>Le 2\/93\u00b0 GRDI, le 8\u00b0 BCC et le 14\u00b0 GRCA se r\u00e9partissent la d\u00e9fense de la cote 276 entre Tannay et Chantreune. Une batterie du 2\/42\u00b0 RA, post\u00e9e \u00e0 La Fontaine Uchon, interdit toute progression dans ce secteur.<br \/>\nLe 2\u00b0 escadron du <strong>6\u00b0 GRDI<\/strong> est toujours au Bois Uchon avec le groupement Gaillard. Il a subi de lourdes pertes et souhaiterait rejoindre son unit\u00e9 d&rsquo;origine. A 15 h, le bois est \u00e0 nouveau l&rsquo;objet d&rsquo;un violent bombardement auquel s&rsquo;ajoutent les tirs d&rsquo;armes automatiques d&rsquo;\u00e9l\u00e9ments infiltr\u00e9s dans le vallon. Le capitaine Bodelot et le capitaine Renault sont tu\u00e9s ainsi que 15 cavaliers. S&rsquo;y ajoutent de nombreux bless\u00e9s.<\/p>\n<p>L&rsquo;escadron du capitaine d&rsquo;Estr\u00e9es et un peloton moto tous deux du 6\u00b0 GRDI sont mis \u00e0 disposition du 6\u00b0 R\u00e9giment de Spahis Marocains (6\u00b0 RSM) de la 1\u00b0 Brigade de Spahis (colonel Jouffrault). Il intervient au Nord-Est du Bois de Sy vers Oches dans des conditions p\u00e9rilleuses, mais r\u00e9alise sa mission sans perte. La nuit, les 3\u00b0 et 4\u00b0 escadrons sont ramen\u00e9s au Bois des Terres Rouges par le Lieutenant du Passage, adjoint de Bodelot d\u00e9c\u00e9d\u00e9.<\/p>\n<p>Le 2\u00b0 escadron moto du <strong>93\u00b0 GRDI<\/strong> charg\u00e9 de d\u00e9fendre les abords Sud de la cote 276 re\u00e7oit l&rsquo;ordre d&rsquo;avancer de 500 m, en plein \u00e0 d\u00e9couvert, face \u00e0 l&rsquo;ennemi qui mitraille. Tout d\u00e9placement ne peut se faire qu&rsquo;en rampant&#8230; La position est intenable ! Les cavaliers tiendront cependant jusque 15 h et recevront alors l&rsquo;ordre de revenir sur leurs positions initiales, le mouvement se faisant \u00e0 nouveau en plein \u00e0 d\u00e9couvert&#8230; Seuls 41 combattants et un groupe de mitrailleuses de 7 personnes reviendront \u00e0 la cote 276 !!! Le 1er peloton du 2\u00b0escadron post\u00e9 au Sud-Est de Tannay re\u00e7oit la mission d&rsquo;aller renforcer ce qui reste du 16\u00b0 BCP dans Tannay. 17 cavaliers rampent p\u00e9niblement sous les tirs ennemis tr\u00e8s denses. Plusieurs sont tu\u00e9s ou bless\u00e9s entre le village et la route des Grandes Armoises. Seuls 7 parviennent \u00e0 s&rsquo;abriter derri\u00e8re les murs du cimeti\u00e8re. Une reconnaissance vers le village d\u00e9sert ne d\u00e9couvre que des cadavres dans des ruines encore fumantes. Le petit groupe d\u00e9cide alors de se replier.<\/p>\n<p>Vers 16 h, des infiltrations ennemies progressent vers Tannay.<br \/>\nVers 16h30, un violent tir de barrage sur le groupe d&rsquo;artillerie de la Fontaine Uchon pr\u00e9c\u00e8de une attaque de fantassins. La pi\u00e8ce de 75, \u00e0 l&rsquo;aile gauche, tire \u00e0 obus \u00e0 balles \u00e0 d\u00e9bouch\u00e9 0, car les assaillants sont \u00e0 400 m. Le combat dure plus d&rsquo;une heure, bloquant toute progression ennemie et \u00e9liminant les plus t\u00e9m\u00e9raires.<br \/>\nPour d\u00e9gager Tannay et ses environs, l&rsquo;\u00c9tat Major a pr\u00e9vu une contre-attaque dans la matin\u00e9e avec le 36\u00b0 RI et le 49\u00b0 BCC. En fin de nuit, le <strong>49\u00b0 BCC<\/strong> qui se trouve dans les bois du Mont des Grues, \u00e0 l&rsquo;Est de St Pierremont, gagne le Bois de Sy en fin d&rsquo;apr\u00e8s-midi. H\u00e9las, le 36\u00b0 RI qui vient de Villers devant Dun n&rsquo;est pas arriv\u00e9 et l&rsquo;attaque doit \u00eatre repouss\u00e9e \u00e0 14 h puis \u00e0 18 h.<\/p>\n<p><a href=\"http:\/\/www.ardennes1940aceuxquiontresiste.org\/wp-content\/uploads\/Capture-d\u2019\u00e9cran-2016-12-19-\u00e0-11.38.34.png\"><img loading=\"lazy\" decoding=\"async\" class=\"alignleft size-full wp-image-1852\" src=\"http:\/\/www.ardennes1940aceuxquiontresiste.org\/wp-content\/uploads\/Capture-d\u2019\u00e9cran-2016-12-19-\u00e0-11.38.34.png\" alt=\"\" width=\"206\" height=\"202\" \/><\/a>L&rsquo;heure de l&rsquo;attaque est maintenue, malgr\u00e9 l&rsquo;absence du II\/36\u00b0 RI. Les chars de la compagnie Dumont suivis de ceux de la compagnie Caraveo gagnent le carrefour de Noci\u00e8ve. Les 10 chars de la compagnie du lieutenant Dumont interviennent au Nord \u00e0 17h30 en \u00e9ventail. Au Sud, 2 chars B d\u00e9bouchent \u00e0 18 h 20 sur la cr\u00eate au-dessus de Tannay. Apr\u00e8s quelques tirs de 75, ils se replient \u00e0 18h35. Plus au Nord, \u00e0 la cote 276 et au glacis de la ferme du Moulinot, les chars engag\u00e9s sont pris sous un intense tir de barrage (75 et 105) et d&rsquo;armes antichars, y compris de 47 fran\u00e7ais r\u00e9cup\u00e9r\u00e9s. Certains parviennent \u00e0 la ferme du Moulinot o\u00f9 ils sont accueillis par de nombreux antichars ennemis en embuscade. Un obus tue le pilote du char du Lt Dumont, blesse l&rsquo;aide pilote et d\u00e9truit les commandes. Les survivants doivent abandonner le char et regagner l&rsquo;arri\u00e8re. En moins d&rsquo;une heure, 10 chars sont mis hors de combat. Le manque d&rsquo;infanterie d&rsquo;accompagnement pour exploiter l&rsquo;avance des chars a eu des cons\u00e9quences f\u00e2cheuses.<\/p>\n<p><em>Que s&rsquo;\u00e9tait-il donc pass\u00e9 ?<\/em> Le bataillon attendu, le <strong>I\/36\u00b0 RI<\/strong>, appartient \u00e0 un r\u00e9giment de la 35\u00b0 Division d&rsquo;Infanterie charg\u00e9e de relever la 3\u00b0 DIM. Ce bataillon vient de la for\u00eat de Wo\u00ebvre \u00e0 pied par Louppy et Dun sur Meuse. La 7\u00b0 compagnie \u00e9tait pr\u00eate \u00e0 embarquer \u00e0 2 h, mais les camions ne sont arriv\u00e9s \u00e0 Villers devant Dun qu&rsquo;\u00e0 4 h et en nombre insuffisant. Les chauffeurs h\u00e9sitent \u00e0 prendre la route que le mouchard surveille en permanence et que l&rsquo;aviation mitraille d\u00e8s qu&rsquo;elle est alert\u00e9e.<br \/>\n<a href=\"http:\/\/www.ardennes1940aceuxquiontresiste.org\/wp-content\/uploads\/Capture-d\u2019\u00e9cran-2016-12-19-\u00e0-11.40.01.png\"><img loading=\"lazy\" decoding=\"async\" class=\"aligncenter size-full wp-image-1853\" src=\"http:\/\/www.ardennes1940aceuxquiontresiste.org\/wp-content\/uploads\/Capture-d\u2019\u00e9cran-2016-12-19-\u00e0-11.40.01.png\" alt=\"\" width=\"796\" height=\"270\" srcset=\"http:\/\/www.ardennes1940aceuxquiontresiste.org\/wp-content\/uploads\/Capture-d\u2019\u00e9cran-2016-12-19-\u00e0-11.40.01.png 796w, http:\/\/www.ardennes1940aceuxquiontresiste.org\/wp-content\/uploads\/Capture-d\u2019\u00e9cran-2016-12-19-\u00e0-11.40.01-300x102.png 300w, http:\/\/www.ardennes1940aceuxquiontresiste.org\/wp-content\/uploads\/Capture-d\u2019\u00e9cran-2016-12-19-\u00e0-11.40.01-768x261.png 768w, http:\/\/www.ardennes1940aceuxquiontresiste.org\/wp-content\/uploads\/Capture-d\u2019\u00e9cran-2016-12-19-\u00e0-11.40.01-624x212.png 624w\" sizes=\"auto, (max-width: 796px) 100vw, 796px\" \/><\/a><br \/>\nIls d\u00e9cident finalement d&#8217;embarquer la troupe en limitant le mat\u00e9riel \u00e0 deux pi\u00e8ces par section de mitrailleuses. Le reste viendra plus tard : les armes lourdes (mitrailleuses lourdes et canons de 25) &#8230;. Ils d\u00e9barquent les hommes \u00e0 500 m \u00e0 l&rsquo;Est de Germont (Gare d&rsquo;Autruche). Les hommes doivent continuer \u00e0 pied : 10 km \u00e0 parcourir via Authe puis \u00e0 travers champs, \u00e0 la boussole jusque Verri\u00e8res, miraculeusement prot\u00e9g\u00e9s par un brouillard bienvenu car il \u00e9loigne l&rsquo;aviation ennemie.<\/p>\n<p>Ce brouillard dispara\u00eet en traversant le village et permet \u00e0 la troupe de gagner le Bois de Sy et le village de Sy. Ils arriveront \u00e0 Verri\u00e8res dans la matin\u00e9e et progresseront vers Sy \u00e0 16 h, sous les yeux du mouchard et d&rsquo;une saucisse d&rsquo;observation install\u00e9e vers Raucourt. Ils sont avertis de leur participation \u00e0 une contre-attaque avec appui de chars, d&rsquo;artillerie et m\u00eame d&rsquo;aviation (!!).<\/p>\n<p><a href=\"http:\/\/www.ardennes1940aceuxquiontresiste.org\/wp-content\/uploads\/Capture-d\u2019\u00e9cran-2016-12-19-\u00e0-11.40.26.png\"><img loading=\"lazy\" decoding=\"async\" class=\"alignleft size-full wp-image-1854\" src=\"http:\/\/www.ardennes1940aceuxquiontresiste.org\/wp-content\/uploads\/Capture-d\u2019\u00e9cran-2016-12-19-\u00e0-11.40.26.png\" alt=\"\" width=\"334\" height=\"323\" srcset=\"http:\/\/www.ardennes1940aceuxquiontresiste.org\/wp-content\/uploads\/Capture-d\u2019\u00e9cran-2016-12-19-\u00e0-11.40.26.png 334w, http:\/\/www.ardennes1940aceuxquiontresiste.org\/wp-content\/uploads\/Capture-d\u2019\u00e9cran-2016-12-19-\u00e0-11.40.26-300x290.png 300w\" sizes=\"auto, (max-width: 334px) 100vw, 334px\" \/><\/a><br \/>\nA l&rsquo;heure pr\u00e9vue, il faut gagner le carrefour de Noci\u00e8ve mais c&rsquo;est mission presque impossible car le mouchard les a rep\u00e9r\u00e9s et r\u00e8gle des salves d&rsquo;artillerie qui arrosent la route de Sy \u00e0 Noci\u00e8ve, les obligeant \u00e0 se jeter dans les foss\u00e9s et \u00e0 prendre ainsi du retard. Ils parviennent au carrefour ext\u00e9nu\u00e9s. Ils doivent gagner les pentes du Bois<br \/>\nTriangulaire sous les tirs ennemis et n&rsquo;y arrivent que vers 18h30.<\/p>\n<p>L&rsquo;attaque d\u00e9marre comme pr\u00e9vu, mais sans pr\u00e9paration d&rsquo;artillerie et sans couverture a\u00e9rienne&#8230;Leur armement est incomplet ; aucune reconnaissance n&rsquo;a pu \u00eatre faite ; aucun contact n&rsquo;a pu \u00eatre pris avec les unit\u00e9s voisines&#8230;L&rsquo;attaque d\u00e9marre dans de mauvaises conditions. La 7\u00b0Compagnie atteint la cote 276 sous un feu nourri qui lui cause des pertes sensibles. Les hommes d\u00e9valent vers Noci\u00e8ve sous les rafales et la mitraille et gagnent le Bois Triangulaire. Le Sous Lieutenant Richard, commandant la 2\u00b0 section, a le bras droit arrach\u00e9. Ses deux chefs de groupe sont tu\u00e9s. La 6\u00b0 compagnie parvient aux abords de la ferme du Moulinot. Les objectifs de la 7\u00b0 Compagnie, d\u00e9cim\u00e9e, sont repris par la 5\u00b0. Le capitaine Miray a install\u00e9 le PC du bataillon \u00e0 la corne Est du Bois Triangulaire. Harass\u00e9s par leur longue marche, \u00e9puis\u00e9s par une nuit sans sommeil, fourbus sous la charge de leur mat\u00e9riel, les \u00e9l\u00e9ments du II\/36\u00b0 RI n&rsquo;apportent pas l&rsquo;aide esp\u00e9r\u00e9e, mais en revanche, ils subissent des pertes sensibles.<\/p>\n<p><a href=\"http:\/\/www.ardennes1940aceuxquiontresiste.org\/wp-content\/uploads\/24-ouest.jpg\"><img loading=\"lazy\" decoding=\"async\" class=\"aligncenter size-full wp-image-1857\" src=\"http:\/\/www.ardennes1940aceuxquiontresiste.org\/wp-content\/uploads\/24-ouest.jpg\" alt=\"\" width=\"1607\" height=\"1940\" srcset=\"http:\/\/www.ardennes1940aceuxquiontresiste.org\/wp-content\/uploads\/24-ouest.jpg 1607w, http:\/\/www.ardennes1940aceuxquiontresiste.org\/wp-content\/uploads\/24-ouest-249x300.jpg 249w, http:\/\/www.ardennes1940aceuxquiontresiste.org\/wp-content\/uploads\/24-ouest-768x927.jpg 768w, http:\/\/www.ardennes1940aceuxquiontresiste.org\/wp-content\/uploads\/24-ouest-848x1024.jpg 848w, http:\/\/www.ardennes1940aceuxquiontresiste.org\/wp-content\/uploads\/24-ouest-624x753.jpg 624w\" sizes=\"auto, (max-width: 1607px) 100vw, 1607px\" \/><\/a><\/p>\n<p><a href=\"http:\/\/www.ardennes1940aceuxquiontresiste.org\/wp-content\/uploads\/Capture-d\u2019\u00e9cran-2016-12-19-\u00e0-11.47.23.png\"><img loading=\"lazy\" decoding=\"async\" class=\"alignright size-full wp-image-1858\" src=\"http:\/\/www.ardennes1940aceuxquiontresiste.org\/wp-content\/uploads\/Capture-d\u2019\u00e9cran-2016-12-19-\u00e0-11.47.23.png\" alt=\"\" width=\"299\" height=\"215\" \/><\/a>Apr\u00e8s 1h 30 de combat, les chars du <strong>49\u00b0 BCC<\/strong> doivent se replier au Bois de Sy. Sur 14 pr\u00e9sents, 10 ont \u00e9t\u00e9 engag\u00e9s. 3 hors service ont du \u00eatre abandonn\u00e9s dans les lignes Les 7 autres ont subi de graves d\u00e9g\u00e2ts et doivent \u00eatre envoy\u00e9s en r\u00e9vision. Ils partiront le 26 en gare de Challerange. Le Lt Dumont revient la nuit en side-car pour faire sauter les 3 chars abandonn\u00e9s. \u00ab\u00a0Trois gerbes d&rsquo;\u00e9tincelles illuminent le ciel\u00a0\u00bb \u00e9crit-il. Le bataillon \u00e9puis\u00e9 passe en r\u00e9serve d&rsquo;arm\u00e9e. Les effectifs qui \u00e9taient de 690 le 20 avril sont r\u00e9duits \u00e0 477 le 10 juin&#8230;<br \/>\nAu <strong>93\u00b0 GRDI<\/strong>, les 47 cavaliers rescap\u00e9s du 2\u00b0 escadron motoris\u00e9 progressent par bonds vers Tannay mais ils se font d\u00e9cimer en 20 minutes par un tir de barrage tr\u00e8s dense.<br \/>\n<a href=\"http:\/\/www.ardennes1940aceuxquiontresiste.org\/wp-content\/uploads\/Capture-d\u2019\u00e9cran-2016-12-19-\u00e0-11.47.27.png\"><img loading=\"lazy\" decoding=\"async\" class=\"alignleft size-full wp-image-1859\" src=\"http:\/\/www.ardennes1940aceuxquiontresiste.org\/wp-content\/uploads\/Capture-d\u2019\u00e9cran-2016-12-19-\u00e0-11.47.27.png\" alt=\"\" width=\"282\" height=\"188\" \/><\/a>Le Bois Uchon est la cible du feu roulant de l&rsquo;artillerie ennemie : le<strong> 6\u00b0 GRDI<\/strong> qui y s\u00e9journe subit de lourdes pertes dont le commandant Bodelot et le capitaine Renault tous deux tu\u00e9s sur place. Les batteries du 42\u00b0 et 242\u00b0 RA ont quitt\u00e9 Sy pour Verri\u00e8res. Seul demeure le 1er groupe \u00e0 la Fontaine Uchon qui subit lui aussi les violents tirs d&rsquo;artillerie et de mitrailleuses : beaucoup de mat\u00e9riel est d\u00e9truit ou rendu inutilisable : 1 canon (4\u00b0 pi\u00e8ce de la 3\u00b0 batterie), 1 mitrailleuse, 6 caissons, 2 voitures, 6 tracteurs, 2 remorques t\u00e9l\u00e9phoniques, 2 camionnettes, 4 motos&#8230;La situation est devenue intenable. A 19 h arrive l&rsquo;ordre de se porter au SO de Sy, au Gros Buisson. Le d\u00e9m\u00e9nagement se fait sous le feu de l&rsquo;ennemi, partie \u00e0 bras \u00e0 travers champs, traversant le ruisseau des Armoises sur une passerelle, partie par la route de Sy (v\u00e9hicules).<\/p>\n<p>A 19 h, le <strong>4\u00b0 R\u00e9giment de Spahis Marocains<\/strong> subit quelques pouss\u00e9es ennemies, \u00e0 l&rsquo;Ouest de Oches finalement ma\u00eetris\u00e9es. Le commandant Brunot constate avec surprise et soulagement, que des colonnes ennemies effectuent un retrait sur La Berli\u00e8re. Dans le m\u00eame temps, le commandant VIVET (42\u00b0 BCC) vient d\u00e9panner ses chars embourb\u00e9s. Lui aussi observe le repli des troupes allemandes au Nord de La Berli\u00e8re et l&rsquo;activit\u00e9 de brancardiers qui rel\u00e8vent des bless\u00e9s \u00e0 la croupe dominant les deux villages des Grandes Armoises et La Berli\u00e8re.<br \/>\nA la cote 276, le colonel Caldairou du <strong>14\u00b0 GRCA<\/strong> pr\u00e9voit le retrait du groupe moto. Le poste de secours est submerg\u00e9 de bless\u00e9s (82 dans l seule matin\u00e9e). Il fait appel \u00e0 des v\u00e9hicules suppl\u00e9mentaires pour les transporter au Groupe Sanitaire Divisionnaire install\u00e9 \u00e0 Quatre Champs.<\/p>\n<p><a href=\"http:\/\/www.ardennes1940aceuxquiontresiste.org\/wp-content\/uploads\/Capture-d\u2019\u00e9cran-2016-12-19-\u00e0-11.47.32.png\"><img loading=\"lazy\" decoding=\"async\" class=\"alignright size-full wp-image-1860\" src=\"http:\/\/www.ardennes1940aceuxquiontresiste.org\/wp-content\/uploads\/Capture-d\u2019\u00e9cran-2016-12-19-\u00e0-11.47.32.png\" alt=\"\" width=\"228\" height=\"104\" \/><\/a>L&rsquo;artillerie ennemie install\u00e9e dans les vergers d&rsquo;Armageat, toujours guid\u00e9e par le mouchard, prend la cr\u00eate au-dessus de Tannay pour cible : percutants, schrapnells s&rsquo;ajoutent \u00e0 la densit\u00e9 des tirs de mitrailleuses. Les hommes tombent les uns apr\u00e8s les autres, y compris le capitaine Charlois. Puis les tirs s&rsquo;estompent soudain quand la troupe ennemie atteint le sommet de la c\u00f4te : c&rsquo;est une hallucinante mar\u00e9e de fantassins, de 1 500 \u00e0 2 000 disent les survivants du <strong>93\u00b0 GRDI<\/strong>. Ces derniers se rendent et sont faits prisonniers, sauf un chef mitrailleur froidement abattu sur place par un officier surexcit\u00e9. Ils sont sur les nerfs car leurs pertes sont importantes : un prisonnier emmen\u00e9 par Tannay et derri\u00e8re le canal d\u00e9clare avoir long\u00e9 un tas de cadavres allong\u00e9s les uns sur les autres de 50 m de long et un bon m\u00e8tre de haut&#8230;<\/p>\n<p><a href=\"http:\/\/www.ardennes1940aceuxquiontresiste.org\/wp-content\/uploads\/Capture-d\u2019\u00e9cran-2016-12-19-\u00e0-11.47.36.png\"><img loading=\"lazy\" decoding=\"async\" class=\"alignleft size-full wp-image-1861\" src=\"http:\/\/www.ardennes1940aceuxquiontresiste.org\/wp-content\/uploads\/Capture-d\u2019\u00e9cran-2016-12-19-\u00e0-11.47.36.png\" alt=\"\" width=\"270\" height=\"157\" \/><\/a>De chaque c\u00f4t\u00e9, les troupes sont \u00e9puis\u00e9es et ont subi de lourdes pertes. Le 16\u00b0 BCP est r\u00e9duit \u00e0 300.<br \/>\nL&rsquo;attaque est stopp\u00e9e et les fantassins se regroupent au Bois triangulaire tenu par le 8\u00b0 Chasseurs (3\u00b0 escadron) alors que l&rsquo;ennemi tente encore quelques attaques vers le bois. Avec la nuit, le calme g\u00e9n\u00e9ral revient.<br \/>\nEntre les lignes, de nombreux corps gisent sur le terrain et on bute sur des armes, des antichars d\u00e9truits, des \u00e9paves de chars et d&rsquo;automitrailleuses.<br \/>\nA 20 h, les batteries du <strong>45\u00b0 RA<\/strong> qui viennent de quitter le Bois Uchon sont install\u00e9es en bordure du Bois de Sy et la 1\u00e8re tire aussit\u00f4t 200 coups sur la cr\u00eate, entre Tannay et Sy.<br \/>\nA la tomb\u00e9e de la nuit, la 5\u00b0 Cie du I\/36\u00b0 RI (Lieutenant Durant) repousse l&rsquo;ennemi d&rsquo;un petit bois situ\u00e9 en dessous de la cote 276, sur la pente Nord-Ouest, \u00e0 quelques centaines de m\u00e8tres de la ferme du Moulinot. Des mitrailleuses sont install\u00e9es sur la cr\u00eate ainsi que 2 pi\u00e8ces de 25 du 93\u00b0 GRDI.<br \/>\nLes Allemands profitent de la nuit pour se replier. Le moral commence \u00e0 remonter chez les Fran\u00e7ais !<br \/>\nStupeur et joie ! Voici qu&rsquo;arrive l&rsquo;ordre de rel\u00e8ve de la 3\u00b0 DIM par la 35\u00b0 DI, ordre \u00e0 ex\u00e9cuter le soir m\u00eame. Cet ordre de rel\u00e8ve pr\u00e9voit la constitution d&rsquo;une ligne de r\u00e9sistance allant du canal des Ardennes au-dessus de Pont Bar, au Bois de Sy, Oches, la ferme d&rsquo;Isly, Le Bois du Four et la route de Beaumont.<br \/>\nLa rel\u00e8ve g\u00e9n\u00e9rale est pr\u00e9vue pour les 24 et 25 mai. Le 16\u00b0 BCP re\u00e7oit l&rsquo;ordre de rel\u00e8ve \u00e0 22 h avec comme itin\u00e9raire Les Petites Armoises, Belleville, Boult aux Bois, Grandpr\u00e9.<br \/>\nLa 3\u00b0 DIM doit abandonner le saillant du Bois du Mont Dieu et gagner des bases arri\u00e8re. Les nouvelles unit\u00e9s se positionnent progressivement sur la ligne de d\u00e9fense rectifi\u00e9e.<br \/>\nA 22 heures arrivent les premiers \u00e9l\u00e9ments de la 35\u00b0 DI.<br \/>\nLa 3\u00b0 DIM commence son repli dans la nuit sous la protection du groupe Gaillard \u00e0 l&rsquo;Ouest (secteur canal des Ardennes-Chantreune) et du groupe Jouffrault \u00e0 l&rsquo;Est (cote 228-Bois du Fay- Noires Terres- Oches).<br \/>\nTannay est aux mains de l&rsquo;ennemi qui ma\u00eetrise les pentes Ouest des collines allant \u00e0 la cote 276.<br \/>\nLes seuls acc\u00e8s libres sont les routes de Verri\u00e8res vers Brieulles sur Bar et de Saint Pierremont vers Buzancy.<br \/>\nDans le secteur de OCHES, le bataillon de chars Vivet est retir\u00e9.<br \/>\nLe <strong>123\u00b0 RI<\/strong> (35\u00b0 DI) est attendu ; le 2\u00b0 bataillon doit s&rsquo;installer entre Oches et la cote 221, le 1er entre la cote 201, la cote La Garenne et Le Chenet.<br \/>\nDe Oches \u00e0 Ferme d&rsquo;Isly, Sommauthe et Bois du Four (route de Beaumont), c&rsquo;est la <strong>6\u00b0 DI<\/strong> qui rel\u00e8ve la 6\u00b0 DIC. Elle s&rsquo;int\u00e8gre entre la 35\u00b0 DI \u00e0 gauche et la 1\u00b0 DIC \u00e0 droite.<br \/>\nLe <strong>74\u00b0 RI<\/strong> vient de Stenay par Nouart, Buzancy, Foss\u00e9, Belval, Vaux en Dieulet. Le colonel Maisse vient reconna\u00eetre les emplacements vers 16 h ; il d\u00e9cide d&rsquo;installer son PC dans une contre-pente, au Nord du village, pr\u00e8s de la Croix de Sommauthe, car il tient \u00e0 s&rsquo;\u00e9loigner des habitations vite rep\u00e9r\u00e9es et plus dangereuses en cas de bombardement. Ce r\u00e9giment vient de subir l&rsquo;enfer d&rsquo;Inor-Martincourt, du 16 au 21 mai. Il a subi de lourdes pertes. Mis au repos, il est brutalement rappel\u00e9. La veille, il a franchi la Meuse \u00e0 Stenay sur un pont de bateaux et il est venu \u00e0 marche forc\u00e9e jusqu&rsquo;au Bois de la Folie, entre Nouart et Buzancy, soit 22 km.<br \/>\nLe <strong>36\u00b0 RI<\/strong> est affect\u00e9 au secteur Ouest ; le 74\u00b0 RI au centre et le <strong>119\u00b0 RI<\/strong> \u00e0 l&rsquo;Est. Chacun engagera deux bataillons (les 1er et 2\u00b0), le 3\u00b0 demeurant en r\u00e9serve, ainsi que le 13\u00b0 GRDI.<br \/>\nCes unit\u00e9s ne seront en place que le lendemain matin. (Voir secteur Mont Damion-Oches).<\/p>\n<h2 style=\"color: red;\">Secteur EST : Mont Dieu &#8211; Mont Damion<\/h2>\n<p>Apr\u00e8s une nuit assez calme, le 11\/91\u00b0 RI est parvenu \u00e0 se regrouper au Bois du Fay.<br \/>\nArrive un groupe de permissionnaires du <strong>51\u00b0 RI<\/strong> avec un officier : le lieutenant Rousselot. Une mission lui est confi\u00e9e : partant de la corne de la vall\u00e9e d&rsquo;Ecogne (au Nord du Bois de Sy), gagner la lisi\u00e8re Sud du Bois du Fay pour aller renforcer la liaison 67\/51\u00b0 RI au Crochet. Mais elle doit d&rsquo;abord intervenir avec le 4\u00b0 RSM de la 1\u00b0 Brigade de Spahis pour repousser les tentatives allemandes qui tentent de rompre la ligne de r\u00e9sistance fran\u00e7aise et de gagner Verri\u00e8res. L&rsquo;attaque a lieu vers la cote 243, \u00e0 l&rsquo;Ouest de La Berli\u00e8re. Mais, sans doute rep\u00e9r\u00e9e par le mouchard, elle est rapidement la cible de violents tirs d&rsquo;artillerie et de nombreux tirs d&rsquo;armes automatiques venant des hauteurs du Nord (sommet de la route La Berli\u00e8re-Grandes Armoises). Trop isol\u00e9e, cette contre-attaque avorte. Tous les cadres sont ou tu\u00e9s ou bless\u00e9s.<br \/>\nVu cet \u00e9chec, un groupe d&rsquo;automitrailleuses du 1er escadron du <strong>6\u00b0 GRDI<\/strong> (capitaine d&rsquo;Estr\u00e9e) accompagn\u00e9 d&rsquo;un peloton moto est mis \u00e0 la disposition des Spahis. Ils interviennent entre la corne du Bois de Sy et Oches et repoussent l&rsquo;ennemi.<br \/>\nEn <span style=\"text-decoration: underline;\">for\u00eat du Mont Dieu<\/span>, les situations sont vari\u00e9es :<br \/>\n&#8211; le <strong>91\u00b0 RI<\/strong> tient les lisi\u00e8res Nord, derri\u00e8re le foss\u00e9 antichars sans difficult\u00e9,<br \/>\n&#8211; Le <strong>51\u00b0 RI<\/strong> tient le Vivier. Les attaques r\u00e9p\u00e9t\u00e9es dans les Bois de l&rsquo;\u00c9tang Fourchu sont toutes contenues et repouss\u00e9es, l&rsquo;ennemi subissant ici et l\u00e0 de lourdes pertes. Mais entre le Bois de l&rsquo;\u00c9tang Fourchu et le plateau de Stonne, la situation est confuse : la lisi\u00e8re Est du bois n&rsquo;est pas couverte. Elle devrait l&rsquo;\u00eatre par le I\/67 RI, mais ce bataillon a perdu beaucoup d&rsquo;hommes et il ne peut couvrir l&rsquo;espace du Crochet (angle Sud) \u00e0 la Gringenesse (SO Stonne) ; la liaison avec le III\/51\u00b0 RI post\u00e9e autour de La Grange au Mont n&rsquo;est pas r\u00e9alis\u00e9e. De ce fait, des patrouilles d\u00e9couvrent \u00e0 15 h des \u00e9l\u00e9ments ennemis infiltr\u00e9s dans leur dos.<br \/>\nA 15h30, le secteur de la ferme La Grange au Mont est pris pour cible par des tirs d&rsquo;artillerie avec fusants. Ils fracassent des positions de mitrailleuses et entra\u00eenent des pertes cons\u00e9quentes, notamment la mort du sergent-chef Volckrick.<br \/>\nLe commandement a pr\u00e9vu de faire intervenir une compagnie de chars pour r\u00e9tablir la situation. C&rsquo;est la 2\u00b0 compagnie (Lieutenant Lannefranque) du <strong>42\u00b0 BCC<\/strong> (chars H 39) ainsi qu&rsquo; un char du 45\u00b0 BCC qui est charg\u00e9e de cette mission.<br \/>\n<a href=\"http:\/\/www.ardennes1940aceuxquiontresiste.org\/wp-content\/uploads\/Capture-d\u2019\u00e9cran-2016-12-19-\u00e0-11.47.43.png\"><img loading=\"lazy\" decoding=\"async\" class=\"alignleft size-full wp-image-1862\" src=\"http:\/\/www.ardennes1940aceuxquiontresiste.org\/wp-content\/uploads\/Capture-d\u2019\u00e9cran-2016-12-19-\u00e0-11.47.43.png\" alt=\"\" width=\"340\" height=\"247\" srcset=\"http:\/\/www.ardennes1940aceuxquiontresiste.org\/wp-content\/uploads\/Capture-d\u2019\u00e9cran-2016-12-19-\u00e0-11.47.43.png 340w, http:\/\/www.ardennes1940aceuxquiontresiste.org\/wp-content\/uploads\/Capture-d\u2019\u00e9cran-2016-12-19-\u00e0-11.47.43-300x218.png 300w\" sizes=\"auto, (max-width: 340px) 100vw, 340px\" \/><\/a>A 17 h 30, 11 chars partent du Bois de Sy, gagnent Les Grandes Armoises et le chemin de La Grange au Mont. Au virage du haut, des f\u00fbts d&rsquo;essence camouflent un antichar que quelques tirs ont vite fait de d\u00e9truire mais l&rsquo;essence des f\u00fbts se vide et s&rsquo;enflamme ; elle d\u00e9vale le chemin heureusement en pente si bien qu&rsquo;elle finit au foss\u00e9. Les chars virent \u00e0 droite et s&rsquo;engagent dans l&rsquo;immense clairi\u00e8re. Ils tournent et longent la lisi\u00e8re des bois qui regorgent de troupes (2 compagnies des Ier et III\u00b0 bataillons du 32\u00b0 IR (24\u00b0 InfanterieDivision) mis en renfort au 64\u00b0 IR de la 16\u00b0 InfanterieDivision. Les chars avancent en mitraillant \u00e0 bout portant. Ils poursuivent ce jeu dans la grande clairi\u00e8re o\u00f9 se reposent une masse de fantassins. Surprises et d\u00e9sorient\u00e9es, ces troupes sont des cibles faciles pour ces chars qui tournent ainsi pendant plus d&rsquo;une heure, transformant la clairi\u00e8re en cimeti\u00e8re.<br \/>\nUn antichar se r\u00e9v\u00e8le devant la ferme : il est vite d\u00e9truit par un coup de 37. Au Nord de la clairi\u00e8re, un char a une chenille d\u00e9truite par un antichar ennemi. Il est sabord\u00e9 et son \u00e9quipage recueilli par un autre char.<br \/>\nLe soir tombe ; les munitions s&rsquo;\u00e9puisent ; l&rsquo;ordre de repli est donn\u00e9.<br \/>\n<a href=\"http:\/\/www.ardennes1940aceuxquiontresiste.org\/wp-content\/uploads\/Capture-d\u2019\u00e9cran-2016-12-19-\u00e0-11.47.49.png\"><img loading=\"lazy\" decoding=\"async\" class=\"alignright size-full wp-image-1863\" src=\"http:\/\/www.ardennes1940aceuxquiontresiste.org\/wp-content\/uploads\/Capture-d\u2019\u00e9cran-2016-12-19-\u00e0-11.47.49.png\" alt=\"\" width=\"223\" height=\"216\" \/><\/a>Mais Lannefranque ignore qu&rsquo;il est pass\u00e9, en arrivant, pr\u00e8s du groupe Starke cach\u00e9 dans les foss\u00e9s, en bas du chemin. Au retour, 2 chars passent mais le char du Lieutenant est vis\u00e9 par 2 antichars : des tirs de 47 qui traversent le blindage. Le char suivant passe mais le suivant re\u00e7oit un obus qui bloque le frein. L&rsquo;\u00e9quipage r\u00e9agit avec ses mitrailleuses et son canon de 37. Il \u00e9limine les 2 PAK qui avaient eu le temps d&rsquo;endommager deux autres chars dont le char du Lieutenant Derupti du 45\u00b0 BCC qui s&rsquo;enflamme.<br \/>\nC&rsquo;est enfin le retour aux Grandes Armoises o\u00f9, \u00e0 l&rsquo;entr\u00e9e Nord, le char de l&rsquo;adjudant-chef Broussel est d\u00e9truit par un antichar ennemi.<br \/>\nL&rsquo;op\u00e9ration se termine par 4 chars d\u00e9truits, un officier et deux sous-officiers bless\u00e9s. L&rsquo;ennemi a subi de tr\u00e8s lourdes pertes qui arr\u00eatent sa progression.<br \/>\nLe 42\u00b0 BCC retourne au Bois Sud de Brieulles vers 21 h 30.<\/p>\n<p><a href=\"http:\/\/www.ardennes1940aceuxquiontresiste.org\/wp-content\/uploads\/24-est.jpg\"><img loading=\"lazy\" decoding=\"async\" class=\"aligncenter size-full wp-image-1866\" src=\"http:\/\/www.ardennes1940aceuxquiontresiste.org\/wp-content\/uploads\/24-est.jpg\" alt=\"\" width=\"1612\" height=\"1872\" srcset=\"http:\/\/www.ardennes1940aceuxquiontresiste.org\/wp-content\/uploads\/24-est.jpg 1612w, http:\/\/www.ardennes1940aceuxquiontresiste.org\/wp-content\/uploads\/24-est-258x300.jpg 258w, http:\/\/www.ardennes1940aceuxquiontresiste.org\/wp-content\/uploads\/24-est-768x892.jpg 768w, http:\/\/www.ardennes1940aceuxquiontresiste.org\/wp-content\/uploads\/24-est-882x1024.jpg 882w, http:\/\/www.ardennes1940aceuxquiontresiste.org\/wp-content\/uploads\/24-est-624x725.jpg 624w\" sizes=\"auto, (max-width: 1612px) 100vw, 1612px\" \/><\/a><\/p>\n<p><strong>La ligne de front Nord se d\u00e9finit ainsi au soir de ce 24 mai : lisi\u00e8re Nord For\u00eat du Mont Dieu- Le Vivier- Bois de l&rsquo;\u00c9tang Fourchu-La Grange au Mont-Bois du Fay-route des Grandes Armoises- abords de La Berli\u00e8re-Sud du Mont du Cygne-Oches.<\/strong><br \/>\n<em>La Wehrmacht n&rsquo;a donc pu r\u00e9ussir les deux encerclements pr\u00e9vus, bien qu&rsquo;elle ait gagn\u00e9 du terrain. Elle a pay\u00e9 tr\u00e8s cher ses efforts r\u00e9p\u00e9t\u00e9s avec des effectifs pl\u00e9thoriques pour tenter de r\u00e9ussir.<\/em><\/p>\n<h1 align=\"center\">25 mai : la rel\u00e8ve<\/h1>\n<p>L&rsquo;ordre de rel\u00e8ve est diffus\u00e9 en fin de soir\u00e9e du 24 mai. Mais vu la dispersion des unit\u00e9s, il leur parvient de mani\u00e8re irr\u00e9guli\u00e8re.<br \/>\nLes chars ont quitt\u00e9 le secteur des combats. Ils ont re\u00e7u l&rsquo;ordre de se rassembler<br \/>\n&#8211; le 49\u00b0 BCC et le 45\u00b0 BCC en for\u00eat de Boult aux Bois (Argonne)<br \/>\n&#8211; le 42\u00b0 BCC dans un bois pr\u00e8s de Brieulles sur Bar puis \u00e0 Boult aux Bois<br \/>\n&#8211; le 41\u00b0 BCC a re\u00e7u ordres et contrordres pour finalement \u00e9chouer \u00e0 Sivry.<br \/>\nLe 16\u00b0 BCP a ordre de se replier sur Les Petites Armoises, Belleville, Boult aux Bois et ensuite Grandpr\u00e9.<br \/>\nL&rsquo;infanterie de la 3\u00b0 DIM doit ex\u00e9cuter un repli selon le programme suivant :<br \/>\n&#8211; le 91\u00b0 RI doit passer \u00e0 la cote 229 \u00e0 0 h 30. Il installera son PC \u00e0 Noirval.<br \/>\n&#8211; le 51\u00b0 RI, passant par La Correrie et Le Crochet et prot\u00e9g\u00e9 par un peloton moto, doit suivre \u00e0 1 h 30 et se diriger vers Sy et Brieulles sur Bar.<br \/>\n&#8211; le 67\u00b0 RI doit suivre \u00e0 2 h 30. Il installera son PC \u00e0 la station d&rsquo;Autruche. Le I\/67, averti tardivement, gagne Oches \u00e0 4 h et rejoint ensuite le gros du r\u00e9giment.<br \/>\nLes derniers d\u00e9crochent vers 8 h 30.<br \/>\nL&rsquo;artillerie de la 3\u00b0 DIM (42\u00b0 et 242\u00b0 RA) reste en renfort de la 35\u00b0 Division jusqu&rsquo;au 7 juin. Elle s&rsquo;installe dans le secteur d&rsquo;Autruche.<\/p>\n<p><a href=\"http:\/\/www.ardennes1940aceuxquiontresiste.org\/wp-content\/uploads\/Capture-d\u2019\u00e9cran-2016-12-19-\u00e0-11.47.58.png\"><img loading=\"lazy\" decoding=\"async\" class=\"aligncenter size-full wp-image-1864\" src=\"http:\/\/www.ardennes1940aceuxquiontresiste.org\/wp-content\/uploads\/Capture-d\u2019\u00e9cran-2016-12-19-\u00e0-11.47.58.png\" alt=\"\" width=\"378\" height=\"206\" srcset=\"http:\/\/www.ardennes1940aceuxquiontresiste.org\/wp-content\/uploads\/Capture-d\u2019\u00e9cran-2016-12-19-\u00e0-11.47.58.png 378w, http:\/\/www.ardennes1940aceuxquiontresiste.org\/wp-content\/uploads\/Capture-d\u2019\u00e9cran-2016-12-19-\u00e0-11.47.58-300x163.png 300w\" sizes=\"auto, (max-width: 378px) 100vw, 378px\" \/><\/a><br \/>\nUn grand calme r\u00e8gne dans le camp adverse, lui aussi tr\u00e8s \u00e9prouv\u00e9. Seuls quelques tirs d&rsquo;artillerie balafrent l&rsquo;obscurit\u00e9. Un obus tue le commandant Daudr\u00e9 et le Lieutenant Poisson, en queue du III\/51\u00b0 RI, sur la route menant de Sy au Bois de Sy.<br \/>\nCes tirs sporadiques font plusieurs bless\u00e9s.<br \/>\nPendant ce temps, les unit\u00e9s de la 35\u00b0 Division d&rsquo;Infanterie s&rsquo;installent.<\/p>\n<hr \/>\n<p style=\"text-align: center;\"><strong>les monuments et st\u00e8les<\/strong> (une partie)<\/p>\n\n\t\t<style type=\"text\/css\">\n\t\t\t#gallery-2 {\n\t\t\t\tmargin: auto;\n\t\t\t}\n\t\t\t#gallery-2 .gallery-item {\n\t\t\t\tfloat: left;\n\t\t\t\tmargin-top: 10px;\n\t\t\t\ttext-align: center;\n\t\t\t\twidth: 33%;\n\t\t\t}\n\t\t\t#gallery-2 img {\n\t\t\t\tborder: 2px solid #cfcfcf;\n\t\t\t}\n\t\t\t#gallery-2 .gallery-caption {\n\t\t\t\tmargin-left: 0;\n\t\t\t}\n\t\t\t\/* see gallery_shortcode() in wp-includes\/media.php *\/\n\t\t<\/style>\n\t\t<div id='gallery-2' class='gallery galleryid-1790 gallery-columns-3 gallery-size-medium'><dl class='gallery-item'>\n\t\t\t<dt class='gallery-icon portrait'>\n\t\t\t\t<a href='http:\/\/www.ardennes1940aceuxquiontresiste.org\/?attachment_id=1818'><img loading=\"lazy\" decoding=\"async\" width=\"296\" height=\"300\" src=\"http:\/\/www.ardennes1940aceuxquiontresiste.org\/wp-content\/uploads\/Capture-d\u2019\u00e9cran-2016-12-19-\u00e0-11.04.24-296x300.png\" class=\"attachment-medium size-medium\" alt=\"\" aria-describedby=\"gallery-2-1818\" srcset=\"http:\/\/www.ardennes1940aceuxquiontresiste.org\/wp-content\/uploads\/Capture-d\u2019\u00e9cran-2016-12-19-\u00e0-11.04.24-296x300.png 296w, http:\/\/www.ardennes1940aceuxquiontresiste.org\/wp-content\/uploads\/Capture-d\u2019\u00e9cran-2016-12-19-\u00e0-11.04.24.png 380w\" sizes=\"auto, (max-width: 296px) 100vw, 296px\" \/><\/a>\n\t\t\t<\/dt>\n\t\t\t\t<dd class='wp-caption-text gallery-caption' id='gallery-2-1818'>\n\t\t\t\t3\u00b0 DIM-3\u00b0 DCR\n\t\t\t\t<\/dd><\/dl><dl class='gallery-item'>\n\t\t\t<dt class='gallery-icon portrait'>\n\t\t\t\t<a href='http:\/\/www.ardennes1940aceuxquiontresiste.org\/?attachment_id=1819'><img loading=\"lazy\" decoding=\"async\" width=\"184\" height=\"300\" src=\"http:\/\/www.ardennes1940aceuxquiontresiste.org\/wp-content\/uploads\/Capture-d\u2019\u00e9cran-2016-12-19-\u00e0-11.04.31-184x300.png\" class=\"attachment-medium size-medium\" alt=\"\" aria-describedby=\"gallery-2-1819\" srcset=\"http:\/\/www.ardennes1940aceuxquiontresiste.org\/wp-content\/uploads\/Capture-d\u2019\u00e9cran-2016-12-19-\u00e0-11.04.31-184x300.png 184w, http:\/\/www.ardennes1940aceuxquiontresiste.org\/wp-content\/uploads\/Capture-d\u2019\u00e9cran-2016-12-19-\u00e0-11.04.31.png 246w\" sizes=\"auto, (max-width: 184px) 100vw, 184px\" \/><\/a>\n\t\t\t<\/dt>\n\t\t\t\t<dd class='wp-caption-text gallery-caption' id='gallery-2-1819'>\n\t\t\t\t93\u00b0 GRDI\n\t\t\t\t<\/dd><\/dl><dl class='gallery-item'>\n\t\t\t<dt class='gallery-icon landscape'>\n\t\t\t\t<a href='http:\/\/www.ardennes1940aceuxquiontresiste.org\/?attachment_id=1820'><img loading=\"lazy\" decoding=\"async\" width=\"300\" height=\"198\" src=\"http:\/\/www.ardennes1940aceuxquiontresiste.org\/wp-content\/uploads\/Capture-d\u2019\u00e9cran-2016-12-19-\u00e0-11.04.36-300x198.png\" class=\"attachment-medium size-medium\" alt=\"\" aria-describedby=\"gallery-2-1820\" srcset=\"http:\/\/www.ardennes1940aceuxquiontresiste.org\/wp-content\/uploads\/Capture-d\u2019\u00e9cran-2016-12-19-\u00e0-11.04.36-300x198.png 300w, http:\/\/www.ardennes1940aceuxquiontresiste.org\/wp-content\/uploads\/Capture-d\u2019\u00e9cran-2016-12-19-\u00e0-11.04.36.png 423w\" sizes=\"auto, (max-width: 300px) 100vw, 300px\" \/><\/a>\n\t\t\t<\/dt>\n\t\t\t\t<dd class='wp-caption-text gallery-caption' id='gallery-2-1820'>\n\t\t\t\t6\u00b0 GRDI\n\t\t\t\t<\/dd><\/dl><br style=\"clear: both\" \/><dl class='gallery-item'>\n\t\t\t<dt class='gallery-icon portrait'>\n\t\t\t\t<a href='http:\/\/www.ardennes1940aceuxquiontresiste.org\/?attachment_id=1821'><img loading=\"lazy\" decoding=\"async\" width=\"211\" height=\"300\" src=\"http:\/\/www.ardennes1940aceuxquiontresiste.org\/wp-content\/uploads\/Capture-d\u2019\u00e9cran-2016-12-19-\u00e0-11.04.43-211x300.png\" class=\"attachment-medium size-medium\" alt=\"\" aria-describedby=\"gallery-2-1821\" srcset=\"http:\/\/www.ardennes1940aceuxquiontresiste.org\/wp-content\/uploads\/Capture-d\u2019\u00e9cran-2016-12-19-\u00e0-11.04.43-211x300.png 211w, http:\/\/www.ardennes1940aceuxquiontresiste.org\/wp-content\/uploads\/Capture-d\u2019\u00e9cran-2016-12-19-\u00e0-11.04.43.png 341w\" sizes=\"auto, (max-width: 211px) 100vw, 211px\" \/><\/a>\n\t\t\t<\/dt>\n\t\t\t\t<dd class='wp-caption-text gallery-caption' id='gallery-2-1821'>\n\t\t\t\t45\u00b0 BCC Gendarmerie -Noci\u00e8ve\n\t\t\t\t<\/dd><\/dl><dl class='gallery-item'>\n\t\t\t<dt class='gallery-icon portrait'>\n\t\t\t\t<a href='http:\/\/www.ardennes1940aceuxquiontresiste.org\/?attachment_id=1822'><img loading=\"lazy\" decoding=\"async\" width=\"101\" height=\"300\" src=\"http:\/\/www.ardennes1940aceuxquiontresiste.org\/wp-content\/uploads\/Capture-d\u2019\u00e9cran-2016-12-19-\u00e0-11.04.48-101x300.png\" class=\"attachment-medium size-medium\" alt=\"\" aria-describedby=\"gallery-2-1822\" srcset=\"http:\/\/www.ardennes1940aceuxquiontresiste.org\/wp-content\/uploads\/Capture-d\u2019\u00e9cran-2016-12-19-\u00e0-11.04.48-101x300.png 101w, http:\/\/www.ardennes1940aceuxquiontresiste.org\/wp-content\/uploads\/Capture-d\u2019\u00e9cran-2016-12-19-\u00e0-11.04.48.png 238w\" sizes=\"auto, (max-width: 101px) 100vw, 101px\" \/><\/a>\n\t\t\t<\/dt>\n\t\t\t\t<dd class='wp-caption-text gallery-caption' id='gallery-2-1822'>\n\t\t\t\t67\u00b0RI Stonne\n\t\t\t\t<\/dd><\/dl><dl class='gallery-item'>\n\t\t\t<dt class='gallery-icon portrait'>\n\t\t\t\t<a href='http:\/\/www.ardennes1940aceuxquiontresiste.org\/?attachment_id=1823'><img loading=\"lazy\" decoding=\"async\" width=\"218\" height=\"300\" src=\"http:\/\/www.ardennes1940aceuxquiontresiste.org\/wp-content\/uploads\/Capture-d\u2019\u00e9cran-2016-12-19-\u00e0-11.04.54-218x300.png\" class=\"attachment-medium size-medium\" alt=\"\" aria-describedby=\"gallery-2-1823\" srcset=\"http:\/\/www.ardennes1940aceuxquiontresiste.org\/wp-content\/uploads\/Capture-d\u2019\u00e9cran-2016-12-19-\u00e0-11.04.54-218x300.png 218w, http:\/\/www.ardennes1940aceuxquiontresiste.org\/wp-content\/uploads\/Capture-d\u2019\u00e9cran-2016-12-19-\u00e0-11.04.54.png 324w\" sizes=\"auto, (max-width: 218px) 100vw, 218px\" \/><\/a>\n\t\t\t<\/dt>\n\t\t\t\t<dd class='wp-caption-text gallery-caption' id='gallery-2-1823'>\n\t\t\t\t1er Hussards Le Mont Dieu\n\t\t\t\t<\/dd><\/dl><br style=\"clear: both\" \/><dl class='gallery-item'>\n\t\t\t<dt class='gallery-icon landscape'>\n\t\t\t\t<a href='http:\/\/www.ardennes1940aceuxquiontresiste.org\/?attachment_id=1824'><img loading=\"lazy\" decoding=\"async\" width=\"300\" height=\"203\" src=\"http:\/\/www.ardennes1940aceuxquiontresiste.org\/wp-content\/uploads\/Capture-d\u2019\u00e9cran-2016-12-19-\u00e0-11.05.04-300x203.png\" class=\"attachment-medium size-medium\" alt=\"\" aria-describedby=\"gallery-2-1824\" srcset=\"http:\/\/www.ardennes1940aceuxquiontresiste.org\/wp-content\/uploads\/Capture-d\u2019\u00e9cran-2016-12-19-\u00e0-11.05.04-300x203.png 300w, http:\/\/www.ardennes1940aceuxquiontresiste.org\/wp-content\/uploads\/Capture-d\u2019\u00e9cran-2016-12-19-\u00e0-11.05.04.png 465w\" sizes=\"auto, (max-width: 300px) 100vw, 300px\" \/><\/a>\n\t\t\t<\/dt>\n\t\t\t\t<dd class='wp-caption-text gallery-caption' id='gallery-2-1824'>\n\t\t\t\t91\u00b0 RI Le Mont Dieu\n\t\t\t\t<\/dd><\/dl><dl class='gallery-item'>\n\t\t\t<dt class='gallery-icon landscape'>\n\t\t\t\t<a href='http:\/\/www.ardennes1940aceuxquiontresiste.org\/?attachment_id=1825'><img loading=\"lazy\" decoding=\"async\" width=\"300\" height=\"233\" src=\"http:\/\/www.ardennes1940aceuxquiontresiste.org\/wp-content\/uploads\/Capture-d\u2019\u00e9cran-2016-12-19-\u00e0-11.05.09-300x233.png\" class=\"attachment-medium size-medium\" alt=\"\" aria-describedby=\"gallery-2-1825\" srcset=\"http:\/\/www.ardennes1940aceuxquiontresiste.org\/wp-content\/uploads\/Capture-d\u2019\u00e9cran-2016-12-19-\u00e0-11.05.09-300x233.png 300w, http:\/\/www.ardennes1940aceuxquiontresiste.org\/wp-content\/uploads\/Capture-d\u2019\u00e9cran-2016-12-19-\u00e0-11.05.09.png 403w\" sizes=\"auto, (max-width: 300px) 100vw, 300px\" \/><\/a>\n\t\t\t<\/dt>\n\t\t\t\t<dd class='wp-caption-text gallery-caption' id='gallery-2-1825'>\n\t\t\t\t51\u00b0 RI Gdes Armoises\n\t\t\t\t<\/dd><\/dl><dl class='gallery-item'>\n\t\t\t<dt class='gallery-icon landscape'>\n\t\t\t\t<a href='http:\/\/www.ardennes1940aceuxquiontresiste.org\/?attachment_id=1826'><img loading=\"lazy\" decoding=\"async\" width=\"300\" height=\"209\" src=\"http:\/\/www.ardennes1940aceuxquiontresiste.org\/wp-content\/uploads\/Capture-d\u2019\u00e9cran-2016-12-19-\u00e0-11.05.15-300x209.png\" class=\"attachment-medium size-medium\" alt=\"\" aria-describedby=\"gallery-2-1826\" srcset=\"http:\/\/www.ardennes1940aceuxquiontresiste.org\/wp-content\/uploads\/Capture-d\u2019\u00e9cran-2016-12-19-\u00e0-11.05.15-300x209.png 300w, http:\/\/www.ardennes1940aceuxquiontresiste.org\/wp-content\/uploads\/Capture-d\u2019\u00e9cran-2016-12-19-\u00e0-11.05.15.png 507w\" sizes=\"auto, (max-width: 300px) 100vw, 300px\" \/><\/a>\n\t\t\t<\/dt>\n\t\t\t\t<dd class='wp-caption-text gallery-caption' id='gallery-2-1826'>\n\t\t\t\tartilleurs &#8211; 6\u00b0 RSA Sy\n\t\t\t\t<\/dd><\/dl><br style=\"clear: both\" \/><dl class='gallery-item'>\n\t\t\t<dt class='gallery-icon portrait'>\n\t\t\t\t<a href='http:\/\/www.ardennes1940aceuxquiontresiste.org\/?attachment_id=1827'><img loading=\"lazy\" decoding=\"async\" width=\"223\" height=\"300\" src=\"http:\/\/www.ardennes1940aceuxquiontresiste.org\/wp-content\/uploads\/Capture-d\u2019\u00e9cran-2016-12-19-\u00e0-11.04.59-223x300.png\" class=\"attachment-medium size-medium\" alt=\"\" aria-describedby=\"gallery-2-1827\" srcset=\"http:\/\/www.ardennes1940aceuxquiontresiste.org\/wp-content\/uploads\/Capture-d\u2019\u00e9cran-2016-12-19-\u00e0-11.04.59-223x300.png 223w, http:\/\/www.ardennes1940aceuxquiontresiste.org\/wp-content\/uploads\/Capture-d\u2019\u00e9cran-2016-12-19-\u00e0-11.04.59.png 333w\" sizes=\"auto, (max-width: 223px) 100vw, 223px\" \/><\/a>\n\t\t\t<\/dt>\n\t\t\t\t<dd class='wp-caption-text gallery-caption' id='gallery-2-1827'>\n\t\t\t\t16\u00b0 BCP Tannay\n\t\t\t\t<\/dd><\/dl>\n\t\t\t<br style='clear: both' \/>\n\t\t<\/div>\n\n<hr \/>\n<p style=\"text-align: left;\"><span style=\"text-decoration: underline;\"><strong>Sources<\/strong><\/span><\/p>\n<div class=\"page\" title=\"Page 19\">\n<div class=\"layoutArea\">\n<div class=\"column\">\n<p><strong>3\u00b0 DIM :<\/strong><br \/>\nHistorique du g\u00e9n\u00e9ral Bertin-Boussu<br \/>\nLe contest\u00e9 contestataire par Bernard Horen<br \/>\nHistorique des combats de Tannay par R Avignon<br \/>\nLes combats \u00e0 Stonne colonel Sereau<br \/>\nLe coup d&rsquo;arr\u00eat de la 3\u00b0 DIM colonel Devaux-Charbonnel Livret historique de la 3\u00b0 DIM Michel Fauqueux<br \/>\nLivret du 30\u00b0 anniversaire par B Humbert<br \/>\nLivret du 50\u00b0 anniversaire par Etienne Lor<br \/>\nAvec la 3\u00b0 DIM \u00e0 Stonne Bonoteaux<br \/>\n<strong>67\u00b0 RI :<\/strong><br \/>\nJournal de marche du II\/67<br \/>\nRapport de Tarle sur I\/67<br \/>\nT\u00e9moignage de Marcel Dusautoy jour par jour<br \/>\nRapport du Lieutenant Gagelin<br \/>\nRapport de l&rsquo;aspirant Demesy<br \/>\nRapport du commandant May<br \/>\nSouvenirs du Sergent Janneau<br \/>\nLes Cendri\u00e8res : Rapport du Lieutenant Crambes<br \/>\nT\u00e9moignage de Fran\u00e7ois d&rsquo;Etat Livret de Jean Clouet T\u00e9moignage de Louis Levent<br \/>\nRavin de la Mort T\u00e9moignage de M. Desperrier<br \/>\n+ correspondances avec des rescap\u00e9s<br \/>\n<strong>51\u00b0 RI :<\/strong><br \/>\nJournal de marche<br \/>\nHistorique<br \/>\nCarnet de route de Jean Aubry<br \/>\ndocumentation concernant sergent-chef Volckrick<br \/>\n<strong>91\u00b0 RI :<\/strong><br \/>\nT\u00e9moignage sur le II\/91 par L Dudebout<br \/>\nRapport du Sgt-chef Couvreur<br \/>\nCorrespondances avec survivants<br \/>\n<strong>ARTILLERIE<\/strong><br \/>\nL&rsquo;artillerie \u00e0 Sy livret de Jean-Pierre Levieux<br \/>\nCampagne de France d&rsquo;un artilleur B Humbert<br \/>\nExpos\u00e9 du Lieutenant Bouissoux<br \/>\nExtraits historique du 242\u00b0 RADTTT<br \/>\nJournal de marche de la 16\u00b0 batterie 6\u00b0gr 242\u00b0 RADTTT La 301\u00b0 batterie antichars<br \/>\nLa 702\u00b0 batterie antichars et DCA<br \/>\n<strong>PAD3 :<\/strong><br \/>\nJournal de marche Section auto de munitions 203 rapport d&rsquo;Andr\u00e9 Sery<br \/>\n<strong>Les Groupes de Reconnaissance<\/strong><br \/>\n<strong>Groupement Gallini :<\/strong><br \/>\nrapport du colonel Gallini<br \/>\nHistorique du 14\u00b0 GRCA par lieutenant-colonel Gallini<br \/>\n<strong>93\u00b0 GRDI :<\/strong><br \/>\nLe 93\u00b0 GRDI du 16 au 24 mai par Roger Avignon<br \/>\nLe 15 mai par Roger Avignon<br \/>\ndivers courriers de R Avignon<br \/>\n<strong>12\u00b0 GRCA :<\/strong><br \/>\nExtraits de l&rsquo;historique par capitaine Simonin<br \/>\nDossier du capitaine Lescot<br \/>\n1\u00b0 Hussards :<br \/>\nHistorique du 1er Hussards colonel Boisseau<br \/>\nBercheny dans les Ardennes<br \/>\n<strong>6\u00b0 GRDI :<\/strong><br \/>\nL&rsquo;\u00e9pop\u00e9e du 6\u00b0 GRDI revue sp\u00e9ciale par Erik Barbanson carnet de route du lieutenant Fr. de Salaberry<br \/>\nJournal de marche du 6\u00b0 GRDI (SHA)<br \/>\nJournal de marche de Hocquart (mitr. et canons)<br \/>\nLe 6\u00b0 GRDI Pierre Gourdain<br \/>\ncourriers de Salaberry-Lt col Dufour Catelain<br \/>\n<strong>3\u00b0 Division Cuirass\u00e9e<\/strong><br \/>\nSedan et les chars g\u00e9n\u00e9ral Buisson (La Grive)<br \/>\nL&rsquo;action de la 3\u00b0 DCR en mai 1940 (bulletin 3\u00b0 DIM) Historique 3\u00b0 DCR 14-15-16 mai Bulletin amicale 3\u00b0 DCR Ba\u00efonnettes contre chars lt colonel Hurbin (RHA) Cinquantenaire des combats de 1940 UNABCC<br \/>\nLe ravitaillement des chars en carburant (Histoire de Guerre) L&rsquo;arm\u00e9e blind\u00e9e fran\u00e7aise G Saint Martin<br \/>\nL&rsquo;engagement des chars SHA<br \/>\nNote sur l&rsquo;organisation de la 3\u00b0 DCR g\u00e9n\u00e9ral Brocard Compte-rendu des mouvements et op\u00e9rations g\u00e9n. Brocard L&rsquo;ex\u00e9cution des prescriptions Aur\u00e9lin SHAT<br \/>\nLa 3\u00b0 DCR dans la bataille des Ardennes SHAT<br \/>\nHistorique de la 3\u00b0 DCR capitaine Brusant SHAT<br \/>\nHistorique des 14 et 15 mai g\u00e9n\u00e9ral Buisson SHAT<br \/>\nRapport du lieutenant colonel Devaux SHAT<br \/>\nR\u00e9sum\u00e9 des op\u00e9rations 12-25 mai colonel Fonsegrive SHAT Historique 14 mai &#8211; 16 juin g\u00e9n\u00e9ral Buisson SHAT<br \/>\nCommission d&rsquo;enqu\u00eate parlementaire de 1948 SHAT<br \/>\n<strong>41\u00b0 BCC :<\/strong><br \/>\nHistorique R Avignon Th Faucheret<br \/>\nJournal de marche commandant Malaguti<br \/>\nT\u00e9moignage du capitaine Krebs : fraternit\u00e9 d&rsquo;armes<br \/>\nJournal de guerre Ren\u00e9 Tuffet<br \/>\nJournal de marche de 2\u00b0 Cie par capitaine Gasc<br \/>\nOrganigramme 41\u00b0 BCC 10, 13, 14, 16, 18, 31 mai par R Avignon le char Eure J Hachet<br \/>\n<strong>42\u00b0 BCC :<\/strong><br \/>\nJournal de marche op\u00e9rationnel<br \/>\nLes hommes du 42\u00b0 BCC<br \/>\nLa 11\u00b0 Cie du 51\u00b0 RI face aux chars<br \/>\nDossier Lannefranque<br \/>\nL&rsquo;attaque du 24 mai<br \/>\n<strong>45\u00b0 BCC Gie :<\/strong><br \/>\nJournal de Marche Rapport du g\u00e9n\u00e9ral B\u00e9zanger sur les H 39 Fiches de Besse<br \/>\nJMO 1\u00b0 Cie + JMO 1\u00b0 Cie 2\u00b0 Section<br \/>\nExpos\u00e9 du g\u00e9n\u00e9ral Bonardi<br \/>\nLe 45\u00b0 BCC au combat (L&rsquo;Essor)<br \/>\nLe 45\u00b0 BCCGie par Richard Zielinski<br \/>\nR\u00e9cits de Roger Avignon illustr\u00e9s par l&rsquo;abb\u00e9 Dumuis<br \/>\nT\u00e9moignage de l&rsquo;adjudent-chef Fontaine<br \/>\nRapport du Lieutenant Chambert<br \/>\nLe 45\u00b0 BCC dans les Ardennes par caapitaine Bouissous L&rsquo;extrordinaire aventure du Lt Marsault et du chasseur Lalaison Le 45\u00b0 BCC vu par le chef d&rsquo;escadron Menneteau (Cie d&rsquo;\u00e9chelon) correspondances H. Fontaine \/ g\u00e9n\u00e9ral Versock<br \/>\n<strong>49\u00b0 BCC :<\/strong><br \/>\nJournal de marche<br \/>\nJournal de marche par Pr\u00e9claire<br \/>\nJournal de marche 2\u00b0 Cie par lieutenant Dumont<br \/>\nDossier L\u00e9on Honor char Ribeauvill\u00e9<br \/>\n<strong>4\u00b0 BCC :<\/strong><br \/>\nLa 2\u00b0 compagnie du lieutenant Lucca \u00e0 Stonne<br \/>\nHistorique du 4\u00b0 BCC par Michel Bureau<br \/>\nLivret Roger Capsek lieutenant : souvenirs de Fontenois<br \/>\n<strong>3\u00b0 BCC :<\/strong><br \/>\nHistorique<br \/>\nJournal de Marche Op\u00e9rationnel<br \/>\nRelation du chef de bataillon Poudroux<br \/>\nT\u00e9moignage du lieutenant Lagrange<br \/>\n<strong>16\u00b0 BCP :<\/strong><br \/>\nChasseurs \u00e0 pied, au combat 16-23 mai par g\u00e9n\u00e9ral de Susbielle Historique du 16\u00b0 BCP<br \/>\nT\u00e9moignage de G Gillotin<br \/>\n<strong>319\u00b0 RATTT :<\/strong><br \/>\nJournal de marche<br \/>\naffaire Nifenecker<br \/>\n<strong>5\u00b0 DLC :<\/strong><br \/>\nJournal de marche (SHAT)<br \/>\n5\u00b0 RAM par colonel Evain<br \/>\nLe 12\u00b0 Chasseurs \u00e0 Malmy : Herbray de Pouzals-lieutenant de Fombelle-Marcel Lavenu-Bernard Fournier-Jean Lyrhans<br \/>\nLe 78\u00b0 r\u00e9giment d&rsquo;artillerie<br \/>\n<strong>Documentation allemande :<\/strong><br \/>\nLa 24\u00b0 ID dans le secteur Tannay-Mont Dieu Ph Humbert Historique 24\u00b0 ID<br \/>\nHistorique 16\u00b0 ID<br \/>\nLe II\u00b0 bataillon de l&rsquo;IRGD<br \/>\nLa 14\u00b0 compagnie antichars<br \/>\nLe 43\u00b0 bataillon de pionniers d&rsquo;assaut<br \/>\nCorrespondance et \u00e9changes avec g\u00e9n\u00e9ral von Schwerin<\/p>\n<\/div>\n<\/div>\n<\/div>\n<p><a href=\"#top\">Haut de la page<\/a><br \/>\n<span style=\"float: right;\">Suite : <a href=\"http:\/\/www.ardennes1940aceuxquiontresiste.org\/?page_id=1988\">La 35\u00b0 Division d&rsquo;Infanterie en ligne<\/a><br \/>\nRetour : <a href=\"http:\/\/www.ardennes1940aceuxquiontresiste.org\/?page_id=1522\">Secteur Stonne &#8211; Mont Dieu &#8211; Tannay<\/a><br \/>\nRetour : <a href=\"http:\/\/www.ardennes1940aceuxquiontresiste.org\/?page_id=22\">liste des secteurs<\/a><\/span><\/p>\n","protected":false},"excerpt":{"rendered":"<p>La Wehrmacht met en place la plus forte concentration d&rsquo;artillerie de la campagne de France Du 18 au 22 mai, l&rsquo;\u00c9tat-Major allemand organise une concentration d&rsquo;artillerie hors du commun, ce qui montre l&rsquo;importance qu&rsquo;il attache \u00e0 la r\u00e9ussite de son plan d&rsquo;encerclement. La 16\u00b0 ID aligne, notamment autour d&rsquo;Haymoy et en-dessous de Stonne, 36 batteries [&hellip;]<\/p>\n","protected":false},"author":1,"featured_media":0,"parent":1522,"menu_order":2,"comment_status":"closed","ping_status":"closed","template":"page-templates\/full-width.php","meta":{"footnotes":""},"class_list":["post-1790","page","type-page","status-publish","hentry"],"_links":{"self":[{"href":"http:\/\/www.ardennes1940aceuxquiontresiste.org\/index.php?rest_route=\/wp\/v2\/pages\/1790","targetHints":{"allow":["GET"]}}],"collection":[{"href":"http:\/\/www.ardennes1940aceuxquiontresiste.org\/index.php?rest_route=\/wp\/v2\/pages"}],"about":[{"href":"http:\/\/www.ardennes1940aceuxquiontresiste.org\/index.php?rest_route=\/wp\/v2\/types\/page"}],"author":[{"embeddable":true,"href":"http:\/\/www.ardennes1940aceuxquiontresiste.org\/index.php?rest_route=\/wp\/v2\/users\/1"}],"replies":[{"embeddable":true,"href":"http:\/\/www.ardennes1940aceuxquiontresiste.org\/index.php?rest_route=%2Fwp%2Fv2%2Fcomments&post=1790"}],"version-history":[{"count":44,"href":"http:\/\/www.ardennes1940aceuxquiontresiste.org\/index.php?rest_route=\/wp\/v2\/pages\/1790\/revisions"}],"predecessor-version":[{"id":1798,"href":"http:\/\/www.ardennes1940aceuxquiontresiste.org\/index.php?rest_route=\/wp\/v2\/pages\/1790\/revisions\/1798"}],"up":[{"embeddable":true,"href":"http:\/\/www.ardennes1940aceuxquiontresiste.org\/index.php?rest_route=\/wp\/v2\/pages\/1522"}],"wp:attachment":[{"href":"http:\/\/www.ardennes1940aceuxquiontresiste.org\/index.php?rest_route=%2Fwp%2Fv2%2Fmedia&parent=1790"}],"curies":[{"name":"wp","href":"https:\/\/api.w.org\/{rel}","templated":true}]}}