{"id":14,"date":"2013-03-17T11:27:58","date_gmt":"2013-03-17T10:27:58","guid":{"rendered":"http:\/\/www.ardennes1940aceuxquiontresiste.org\/?page_id=14"},"modified":"2019-12-09T22:10:26","modified_gmt":"2019-12-09T21:10:26","slug":"a-visiter","status":"publish","type":"page","link":"http:\/\/www.ardennes1940aceuxquiontresiste.org\/?page_id=14","title":{"rendered":"Visiter"},"content":{"rendered":"<p><a name=\"top\"><\/a> Si vous venez sur place et que vous avez besoin de vous loger, nous vous conseillons de vous rapporter \u00e0 la liste des g\u00eetes ruraux (<a href=\"http:\/\/www.gites-de-france.com\/location-vacances-Champagne-Ardenne.html\">Les g\u00eetes de France &#8211; Champagne-Ardenne<\/a>) et aux restaurants locaux.<\/p>\n<h2>Le circuit historique de Stonne<\/h2>\n<p>R\u00e9alis\u00e9 par l&rsquo;association, le circuit historique de la bataille de Stonne est un ensemble de 15 balises explicatives positionn\u00e9es sur le th\u00e9\u00e2tre des combats de mai et juin 1940. A Stonne se trouvent notamment une table d&rsquo;orientation et un mur avec des explications historiques et la carte du circuit. <a href=\"http:\/\/ardennes1940aceuxquiontresiste.org\/wp-content\/uploads\/Circuit-Historique.png\">Afficher le sch\u00e9ma du circuit<\/a><\/p>\n<div id=\"Style\"><img decoding=\"async\" src=\"http:\/\/ardennes1940aceuxquiontresiste.org\/wp-content\/uploads\/Circuit-Historique.png\" height=\"380\" \/><\/div>\n<p><a href=\"http:\/\/www.ardennes1940aceuxquiontresiste.org\/wp-content\/uploads\/Totem-Fleuri.jpg\"><img loading=\"lazy\" decoding=\"async\" class=\"alignright\" src=\"http:\/\/www.ardennes1940aceuxquiontresiste.org\/wp-content\/uploads\/Totem-Fleuri.jpg\" alt=\"Totem du circuit balis\u00e9\" width=\"275\" height=\"366\" \/><\/a><\/p>\n<ul>\n<li>1. Stonne<\/li>\n<li>2. Route de Stonne, Grandes Armoises &#8211; Monument de la R\u00e9conciliation<\/li>\n<li>3. Les Grandes Armoises<\/li>\n<li>4. Bois du Mont Dieu<\/li>\n<li>5. Ferme de La Tuilerie (Hussards)<\/li>\n<li>6. Tannay<\/li>\n<li>7. Carrefour La Croix Desban &#8211; 16\u00e8me BCP<\/li>\n<li>8. Tannay &#8211; Cote 276<\/li>\n<li>9. Carrefour Ferme de Noci\u00e8ve &#8211; Gendarmerie<\/li>\n<li>10. Sy &#8211; Artilleurs<\/li>\n<li>11. Oches<\/li>\n<li>12. Saint Pierremont &#8211; Ferme de La Polka<\/li>\n<li>13. Sommauthe<\/li>\n<li>14. La Bagnole<\/li>\n<li>15. Ferme des Cendri\u00e8res<\/li>\n<\/ul>\n<h2>Les mus\u00e9es militaires<\/h2>\n<div class=\"\"><strong>Mus\u00e9e GUERRE et PAIX :<\/strong><\/div>\n<ul>\n<li>A NOVION PORCIEN 08270<\/li>\n<li>R\u00e9ouvert depuis le 22 janvier 2018<\/li>\n<li>Horaires d\u2019ouverture : 10h-19h de juin \u00e0 septembre \/\u00a0de 10 h \u00e0 17 h de septembre \u00e0 mai \/ fermeture le lundi<\/li>\n<li><span class=\"\"> <b class=\"\"><span style=\"color: #6a57ff;\"><a class=\"\" href=\"https:\/\/www.cd08.fr\/culture-patrimoine\/dispositifs\/le-musee-guerre-paix-en-ardennes\">https:\/\/www.cd08.fr\/culture-patrimoine\/dispositifs\/le-musee-guerre-paix-en-ardennes<\/a><\/span><\/b><\/span><\/li>\n<\/ul>\n<p><strong>Mus\u00e9e du Moulin de Waroux \u2013 Semuy :<\/strong><\/p>\n<div style=\"float: left;\">\n<ul>\n<li>Du 1er mai au 30 septembre : ouvert de 10h \u00e0 19h<\/li>\n<li>T\u00e9l. 03 34 71 41 09 \/ 03 24 71 23 16<\/li>\n<li>Site internet : <a href=\"http:\/\/museedesemuy.e-monsite.com\/\" target=\"_blank\" rel=\"noopener noreferrer\">mus\u00e9e de semuy<\/a><\/li>\n<\/ul>\n<p><strong>Mus\u00e9e de Chagny :<\/strong><\/p>\n<ul>\n<li>Mus\u00e9e des deux guerres mondiales<\/li>\n<li>Ouvert toute l\u2019ann\u00e9e sur rendez-vous<\/li>\n<li>L\u2019entr\u00e9e du mus\u00e9e est gratuite<\/li>\n<li>T\u00e9l. 03 24 32 15 24<\/li>\n<li>Site internet : <a href=\"http:\/\/musee-militaire-08.pagesperso-orange.fr\/\" target=\"_blank\" rel=\"noopener noreferrer\">musee-militaire-08.pagesperso-orange.fr<\/a><\/li>\n<\/ul>\n<p><strong>Mus\u00e9e de La Horgne :<\/strong><\/p>\n<ul>\n<li>Du 15 mai au 15 septembre : ouvert de 10h \u00e0 12h et de 14h \u00e0 19h<\/li>\n<li>Juillet et ao\u00fbt : ouvert de 14h \u00e0 19h en semaine<\/li>\n<li>Fermeture les week-ends et jours f\u00e9ri\u00e9s<\/li>\n<li>T\u00e9l. 03 24 35 64 44<\/li>\n<\/ul>\n<\/div>\n<div style=\"float: right;\"><\/div>\n<h2>Autour d&rsquo;Attigny<\/h2>\n<ul>\n<li>D\u00f4me dit de Charlemagne, \u00e0 Attigny<\/li>\n<li>Le donjon et le prieur\u00e9 de Day, \u00e0 Neuville-Day<\/li>\n<li>Panorama sur l&rsquo;Aisne et ses m\u00e9andres, \u00e0 Voncq<\/li>\n<li>Point de vue sur la vall\u00e9e de l&rsquo;Aisne, \u00e0 Mont de jeux<\/li>\n<li>Lavoir &#8211; Rencontre avec Rimbaud et la chapelle de Mery, \u00e0 Chufilly-Roche<\/li>\n<li>Ferme de Malval o\u00f9 v\u00e9cut Paul Verlaine, \u00e0 Coulommes et Marqueny<\/li>\n<\/ul>\n<h2>Autour de Stonne<\/h2>\n<p><strong>Stonne :<\/strong><\/p>\n<div id=\"attachment_356\" style=\"width: 310px\" class=\"wp-caption alignright\"><a href=\"http:\/\/www.ardennes1940aceuxquiontresiste.org\/wp-content\/uploads\/Stonne_Calka.jpg\"><img loading=\"lazy\" decoding=\"async\" aria-describedby=\"caption-attachment-356\" class=\"size-medium wp-image-356\" src=\"http:\/\/www.ardennes1940aceuxquiontresiste.org\/wp-content\/uploads\/Stonne_Calka-300x188.jpg\" alt=\"Vitraux de Calka de l'\u00e9glise de Stonne\" width=\"300\" height=\"188\" srcset=\"http:\/\/www.ardennes1940aceuxquiontresiste.org\/wp-content\/uploads\/Stonne_Calka-300x188.jpg 300w, http:\/\/www.ardennes1940aceuxquiontresiste.org\/wp-content\/uploads\/Stonne_Calka.jpg 544w\" sizes=\"auto, (max-width: 300px) 100vw, 300px\" \/><\/a><p id=\"caption-attachment-356\" class=\"wp-caption-text\">Vitraux de Robert SAVARY, ex\u00e9cut\u00e9s et pos\u00e9s par Gary QUESMEUILLE<\/p><\/div>\n<ul>\n<li>Le m\u00e9morial<\/li>\n<li>Char lourd B1 bis<\/li>\n<li>Table d&rsquo;orientation<\/li>\n<li>Mur avec explications et carte du circuit<\/li>\n<li>Le Pain de Sucre : point de vue<\/li>\n<li>\u00c9glise moderne : fresques de Maurice CALKA &#8211; vitraux de Robert SAVARY<\/li>\n<\/ul>\n<p><strong>Mont Dieu :<\/strong><\/p>\n<ul>\n<li>Restes de la Chartreuse<\/li>\n<li>Gros Ch\u00eane<\/li>\n<li>For\u00eat<\/li>\n<\/ul>\n<div id=\"attachment_355\" style=\"width: 310px\" class=\"wp-caption alignright\"><a href=\"http:\/\/www.ardennes1940aceuxquiontresiste.org\/wp-content\/uploads\/Mur-Stonne.jpg\"><img loading=\"lazy\" decoding=\"async\" aria-describedby=\"caption-attachment-355\" class=\"size-medium wp-image-355\" src=\"http:\/\/www.ardennes1940aceuxquiontresiste.org\/wp-content\/uploads\/Mur-Stonne-300x225.jpg\" alt=\"Le mur explicatif de Stonne\" width=\"300\" height=\"225\" srcset=\"http:\/\/www.ardennes1940aceuxquiontresiste.org\/wp-content\/uploads\/Mur-Stonne-300x225.jpg 300w, http:\/\/www.ardennes1940aceuxquiontresiste.org\/wp-content\/uploads\/Mur-Stonne-624x468.jpg 624w, http:\/\/www.ardennes1940aceuxquiontresiste.org\/wp-content\/uploads\/Mur-Stonne.jpg 1024w\" sizes=\"auto, (max-width: 300px) 100vw, 300px\" \/><\/a><p id=\"caption-attachment-355\" class=\"wp-caption-text\">Le mur explicatif de Stonne<\/p><\/div>\n<p><strong>Le Chesne :<\/strong><\/p>\n<ul>\n<li>Lac de Bairon<\/li>\n<li>Camping international<\/li>\n<li>Base d\u00e9partementale de loisirs<\/li>\n<li>La vall\u00e9e des \u00e9cluses<\/li>\n<\/ul>\n<p><strong>Tannay :<\/strong><\/p>\n<ul>\n<li>\u00c9glise du XV et XVI\u00e8me reconstruite<\/li>\n<\/ul>\n<div id=\"attachment_357\" style=\"width: 310px\" class=\"wp-caption alignright\"><a href=\"http:\/\/www.ardennes1940aceuxquiontresiste.org\/wp-content\/uploads\/Table-Orientation-1.jpg\"><img loading=\"lazy\" decoding=\"async\" aria-describedby=\"caption-attachment-357\" class=\"size-medium wp-image-357\" src=\"http:\/\/www.ardennes1940aceuxquiontresiste.org\/wp-content\/uploads\/Table-Orientation-1-300x205.jpg\" alt=\"Table d'orientation de l'espace de m\u00e9moire de Stonne\" width=\"300\" height=\"205\" srcset=\"http:\/\/www.ardennes1940aceuxquiontresiste.org\/wp-content\/uploads\/Table-Orientation-1-300x205.jpg 300w, http:\/\/www.ardennes1940aceuxquiontresiste.org\/wp-content\/uploads\/Table-Orientation-1-1024x700.jpg 1024w, http:\/\/www.ardennes1940aceuxquiontresiste.org\/wp-content\/uploads\/Table-Orientation-1-624x427.jpg 624w, http:\/\/www.ardennes1940aceuxquiontresiste.org\/wp-content\/uploads\/Table-Orientation-1.jpg 1166w\" sizes=\"auto, (max-width: 300px) 100vw, 300px\" \/><\/a><p id=\"caption-attachment-357\" class=\"wp-caption-text\">Table d&rsquo;orientation de l&rsquo;espace de m\u00e9moire de Stonne<\/p><\/div>\n<p><strong>Saint Pierremont :<\/strong><\/p>\n<ul>\n<li>\u00c9glise<\/li>\n<li>Maison natale de Dom Mabillon<\/li>\n<li>Points de vue aux fermes d&rsquo;Isly\u00a0(maintenant occult\u00e9e par les arbres) et de la Polka<\/li>\n<\/ul>\n<h2>Autour de Villy &#8211; La Fert\u00e9<\/h2>\n<ul>\n<li>L&rsquo;ouvrage de la ligne Maginot de Villy-La Fert\u00e9 : visites guid\u00e9es d&rsquo;1h30, T\u00e9l. 03 24 22 65 36<\/li>\n<li>Ermitage de Saint Walfroy<\/li>\n<li>Les Jardins de Cocagne de La Fert\u00e9<\/li>\n<\/ul>\n<h2>Autour de La Horgne<\/h2>\n<div id=\"attachment_354\" style=\"width: 310px\" class=\"wp-caption alignright\"><a href=\"http:\/\/www.ardennes1940aceuxquiontresiste.org\/wp-content\/uploads\/La-Horgne.jpg\"><img loading=\"lazy\" decoding=\"async\" aria-describedby=\"caption-attachment-354\" class=\"size-medium wp-image-354\" src=\"http:\/\/www.ardennes1940aceuxquiontresiste.org\/wp-content\/uploads\/La-Horgne-300x200.jpg\" alt=\"Monument aux Spahis de La Horgne\" width=\"300\" height=\"200\" srcset=\"http:\/\/www.ardennes1940aceuxquiontresiste.org\/wp-content\/uploads\/La-Horgne-300x200.jpg 300w, http:\/\/www.ardennes1940aceuxquiontresiste.org\/wp-content\/uploads\/La-Horgne-624x417.jpg 624w, http:\/\/www.ardennes1940aceuxquiontresiste.org\/wp-content\/uploads\/La-Horgne.jpg 800w\" sizes=\"auto, (max-width: 300px) 100vw, 300px\" \/><\/a><p id=\"caption-attachment-354\" class=\"wp-caption-text\">Monument aux Spahis de La Horgne<\/p><\/div>\n<p><strong>La Horgne :<\/strong><\/p>\n<ul>\n<li>Le mus\u00e9e et le m\u00e9morial Spahis<\/li>\n<li>Le carr\u00e9 militaire<\/li>\n<li>La table d&rsquo;orientation par le sentier pi\u00e9ton<\/li>\n<\/ul>\n<p><strong>Omont :<\/strong> Le village et les vestiges du ch\u00e2teau <strong>Louvergny :<\/strong> En Ao\u00fbt, les rencontres musicales<\/p>\n<h2>Autour de Ch\u00e9mery<\/h2>\n<p><strong>Ch\u00e9mery :<\/strong><\/p>\n<ul>\n<li>\u00c9glise romane class\u00e9e (XII et XIII\u00e8me si\u00e8cles) avec dalle fun\u00e9raire des Seigneurs de Coucy<\/li>\n<li>La Halle de 1856<\/li>\n<li>Le point de vue de Naumont qui surplombe la vall\u00e9e de la Bar<\/li>\n<\/ul>\n<p><strong>Connage :<\/strong> Tilleul comm\u00e9morant la Paix de Vervins de 1598<\/p>\n<p><strong>Malmy :<\/strong> \u00c9glise au milieu des champs<\/p>\n<h2>Autour d&rsquo;Inor<\/h2>\n<p><strong>Stenay :<\/strong> Mus\u00e9e europ\u00e9en de la bi\u00e8re &#8211; T\u00e9l. 03 29 80 29 15<\/p>\n<p><strong>Beaumont en Argonne :<\/strong><\/p>\n<ul>\n<li>Maison \u00e0 arcades (fin XVII\u00e8me si\u00e8cle)<\/li>\n<li>\u00c9glise avec autel du XVII\u00e8me si\u00e8cle<\/li>\n<li>Chapelle Saint Jean Baptiste<\/li>\n<li>Vestiges des remparts du XII\u00e8me si\u00e8cle<\/li>\n<\/ul>\n<h2>Entre Chiers et Aisne<\/h2>\n<p><strong>Le parc de Belval &#8211; Faunoscope :<\/strong> Pour groupes et sur RDV &#8211; T\u00e9l. 03 24 30 01 86<\/p>\n<p><strong>Douzy :<\/strong> Le mus\u00e9e de l&rsquo;aviation &#8211; T\u00e9l. 03 24 26 38 70<\/p>\n<p><strong>Mogues<\/strong> <strong>Chameleux &#8211; Williers :<\/strong> Les ruines romaines<\/p>\n<p><strong>Matton &#8211; Clemency :<\/strong> Arboretum<\/p>\n<p><strong>Stenay :<\/strong> Port de plaisance &#8211; T\u00e9l. 03 29 80 58 05<\/p>\n<p><strong>La Cassine :<\/strong> Spectacle son &amp; lumi\u00e8re en juillet-ao\u00fbt &#8211; T\u00e9l. 03 24 35 44 84<\/p>\n<p><strong>Attigny &#8211; Vouziers &#8211; Challerange :<\/strong> Chemin de fer touristique &#8211; T\u00e9l. 03 24 71 47 60<\/p>\n<div id=\"attachment_360\" style=\"width: 310px\" class=\"wp-caption alignright\"><a href=\"http:\/\/www.ardennes1940aceuxquiontresiste.org\/wp-content\/uploads\/Vendresse.jpg\"><img loading=\"lazy\" decoding=\"async\" aria-describedby=\"caption-attachment-360\" class=\"size-medium wp-image-360\" src=\"http:\/\/www.ardennes1940aceuxquiontresiste.org\/wp-content\/uploads\/Vendresse-300x191.jpg\" alt=\"Haut fourneau de Vendresse\" width=\"300\" height=\"191\" srcset=\"http:\/\/www.ardennes1940aceuxquiontresiste.org\/wp-content\/uploads\/Vendresse-300x191.jpg 300w, http:\/\/www.ardennes1940aceuxquiontresiste.org\/wp-content\/uploads\/Vendresse-624x398.jpg 624w, http:\/\/www.ardennes1940aceuxquiontresiste.org\/wp-content\/uploads\/Vendresse.jpg 800w\" sizes=\"auto, (max-width: 300px) 100vw, 300px\" \/><\/a><p id=\"caption-attachment-360\" class=\"wp-caption-text\">Haut fourneau de Vendresse<\/p><\/div>\n<p><strong>Vendresse :<\/strong><\/p>\n<ul>\n<li>Le haut fourneau<\/li>\n<li>L&rsquo;arboretum<\/li>\n<\/ul>\n<p><strong>Mouzon :<\/strong><\/p>\n<ul>\n<li>L&rsquo;Abbatiale<\/li>\n<li>Les jardins de l&rsquo;abbaye<\/li>\n<li>Le mus\u00e9e du Feutre<\/li>\n<li>Halte fluviale &#8211; T\u00e9l. 03 24 26 10 63<\/li>\n<\/ul>\n<p><strong>Carignan :<\/strong><\/p>\n<ul>\n<li>La Coll\u00e9giale<\/li>\n<li>Les remparts<\/li>\n<\/ul>\n<p><strong>Circuits p\u00e9destres :<\/strong><\/p>\n<ul>\n<li>Sentiers de randonn\u00e9es du Pays d&rsquo;Argonne : Vouziers &#8211; T\u00e9l. 03 24 71 97 57<\/li>\n<li>Itin\u00e9raires de randonn\u00e9es des Cr\u00eates pr\u00e9ardennaises : Launois &#8211; T\u00e9l. 03 24 35 02 69<\/li>\n<\/ul>\n<p><a href=\"#top\">Haut de la page<\/a> <script language=\"Javascript\">\n<!-- function ShowPicture(id,Source) { if (Source==\"1\"){ if (document.layers) document.layers[''+id+''].visibility = \"show\" else if (document.all) document.all[''+id+''].style.visibility = \"visible\" else if (document.getElementById) document.getElementById(''+id+'').style.visibility = \"visible\" } else if (Source==\"0\"){ if (document.layers) document.layers[''+id+''].visibility = \"hide\" else if (document.all) document.all[''+id+''].style.visibility = \"hidden\" else if (document.getElementById) document.getElementById(''+id+'').style.visibility = \"hidden\" } } \/\/-->\n<\/script><\/p>\n<style type=\"text\/css\">\n#Style {<br \/>margin-left:600px;<br \/>position:absolute;<br \/>visibility:hidden;<br \/>border:solid 1px #CCC;<br \/>padding:5px;<br \/><\/style>\n","protected":false},"excerpt":{"rendered":"<p>Si vous venez sur place et que vous avez besoin de vous loger, nous vous conseillons de vous rapporter \u00e0 la liste des g\u00eetes ruraux (Les g\u00eetes de France &#8211; Champagne-Ardenne) et aux restaurants locaux. Le circuit historique de Stonne R\u00e9alis\u00e9 par l&rsquo;association, le circuit historique de la bataille de Stonne est un ensemble de [&hellip;]<\/p>\n","protected":false},"author":1,"featured_media":0,"parent":0,"menu_order":0,"comment_status":"closed","ping_status":"closed","template":"page-templates\/front-page.php","meta":{"footnotes":""},"class_list":["post-14","page","type-page","status-publish","hentry"],"_links":{"self":[{"href":"http:\/\/www.ardennes1940aceuxquiontresiste.org\/index.php?rest_route=\/wp\/v2\/pages\/14","targetHints":{"allow":["GET"]}}],"collection":[{"href":"http:\/\/www.ardennes1940aceuxquiontresiste.org\/index.php?rest_route=\/wp\/v2\/pages"}],"about":[{"href":"http:\/\/www.ardennes1940aceuxquiontresiste.org\/index.php?rest_route=\/wp\/v2\/types\/page"}],"author":[{"embeddable":true,"href":"http:\/\/www.ardennes1940aceuxquiontresiste.org\/index.php?rest_route=\/wp\/v2\/users\/1"}],"replies":[{"embeddable":true,"href":"http:\/\/www.ardennes1940aceuxquiontresiste.org\/index.php?rest_route=%2Fwp%2Fv2%2Fcomments&post=14"}],"version-history":[{"count":48,"href":"http:\/\/www.ardennes1940aceuxquiontresiste.org\/index.php?rest_route=\/wp\/v2\/pages\/14\/revisions"}],"predecessor-version":[{"id":2447,"href":"http:\/\/www.ardennes1940aceuxquiontresiste.org\/index.php?rest_route=\/wp\/v2\/pages\/14\/revisions\/2447"}],"wp:attachment":[{"href":"http:\/\/www.ardennes1940aceuxquiontresiste.org\/index.php?rest_route=%2Fwp%2Fv2%2Fmedia&parent=14"}],"curies":[{"name":"wp","href":"https:\/\/api.w.org\/{rel}","templated":true}]}}